{"id":619,"date":"2022-07-29T11:43:12","date_gmt":"2022-07-29T14:43:12","guid":{"rendered":"https:\/\/www.medicina.ufmg.br\/cegradnovo\/?page_id=619"},"modified":"2022-07-29T11:43:13","modified_gmt":"2022-07-29T14:43:13","slug":"aproveitamento-de-estudos","status":"publish","type":"page","link":"https:\/\/www.medicina.ufmg.br\/cegrad\/inicio\/aproveitamento-de-estudos\/","title":{"rendered":"Aproveitamento de Estudos"},"content":{"rendered":"\n<h2 class=\"wp-block-heading\">Dispensa de Disciplina<\/h2>\n\n\n\n<p class=\"wp-block-paragraph\">Conforme a&nbsp;<a href=\"https:\/\/www.medicina.ufmg.br\/cegrad\/wp-content\/uploads\/sites\/10\/2019\/09\/RESOLU%C3%87%C3%83O-N%C2%B0-06-2019-DE-11-DE-JUNHO-DE-2019.pdf\" target=\"_blank\" rel=\"noreferrer noopener\">Resolu\u00e7\u00e3o CEPE N\u00ba 06\/2019<\/a><strong>,&nbsp;<\/strong>o aluno que cursou disciplinas realizadas em outras institui\u00e7\u00f5es de ensino superior, nacionais ou internacionais poder\u00e3o solicitar o aproveitamento de estudos (dispensa de disciplina).<\/p>\n\n\n\n<p class=\"wp-block-paragraph\"><strong>Crit\u00e9rios para solicitar o aproveitamento de estudos:<\/strong><\/p>\n\n\n\n<p class=\"wp-block-paragraph\">&nbsp;I \u2013 protocolizar o requerimento de aproveitamento de estudos, no m\u00e1ximo, at\u00e9 o segundo per\u00edodo letivo no per\u00edodo estipulado no&nbsp;<a href=\"https:\/\/ufmg.br\/a-universidade\/calendario-academico\" target=\"_blank\" rel=\"noreferrer noopener\">Calend\u00e1rio Acad\u00eamico da UFMG<\/a>;<\/p>\n\n\n\n<p class=\"wp-block-paragraph\">II \u2013 haver correspond\u00eancia entre a(s) atividade(s) cursada(s) em outra institui\u00e7\u00e3o de ensino superior e a atividade acad\u00eamica curricular constante do percurso curricular a que se vincula o (a) requerente e para a qual se solicita o aproveitamento;<\/p>\n\n\n\n<p class=\"wp-block-paragraph\">III \u2013 ter conclu\u00eddo a atividade antes da data de ingresso do(a) requerente na UFMG;<\/p>\n\n\n\n<p class=\"wp-block-paragraph\">IV \u2013 n\u00e3o ter sido o (a) requerente reprovado (a) na atividade acad\u00eamica curricular ofertada pela UFMG para a qual requer aproveitamento de estudos.&nbsp;<\/p>\n\n\n\n<p class=\"wp-block-paragraph\">O aproveitamento de estudos realizados em outras institui\u00e7\u00f5es de ensino superior, no \u00e2mbito de mobilidade acad\u00eamica nacional ou internacional, em per\u00edodo concomitante ao de forma\u00e7\u00e3o do(a) estudante no curso de gradua\u00e7\u00e3o dar-se-\u00e0 conforme disposto no art. 48 das Normas Gerais de Gradua\u00e7\u00e3o.<\/p>\n\n\n\n<p class=\"wp-block-paragraph\"><strong>Solicita\u00e7\u00e3o de dispensa de carga hor\u00e1ria de Forma\u00e7\u00e3o Livre:<\/strong><\/p>\n\n\n\n<p class=\"wp-block-paragraph\">O aluno poder\u00e1 solicitar dispensa de carga hor\u00e1ria de forma\u00e7\u00e3o livre (eletivas), para isso dever\u00e1 anexar apenas o hist\u00f3rico ao requerimento de aproveitamento de estudos e indicar disciplinas cursadas que n\u00e3o foram utilizadas em aproveitamentos anteriores. No campo \u201cDisciplina a ser dispensada (UFMG)\u201d, o requerente dever\u00e1 inserir \u201cForma\u00e7\u00e3o Livre\u201d e a carga hor\u00e1ria que deseja dispensar. A carga hor\u00e1ria m\u00e1xima dispensada ser\u00e1 a exigida pelo percurso de vincula\u00e7\u00e3o do estudante \u00e0 UFMG.<\/p>\n\n\n\n<p class=\"wp-block-paragraph\"><strong>Documenta\u00e7\u00e3o:<\/strong><\/p>\n\n\n\n<p class=\"wp-block-paragraph\">I \u2013&nbsp;<a href=\"https:\/\/www.medicina.ufmg.br\/cegrad\/wp-content\/uploads\/sites\/10\/2020\/11\/APROVEITAMENTO-DE-ESTUDOS.pdf\">Requerimento<\/a>&nbsp;de aproveitamento de estudos.<\/p>\n\n\n\n<p class=\"wp-block-paragraph\">II \u2013 hist\u00f3rico escolar emitido pela institui\u00e7\u00e3o na qual os estudos foram realizados ou documento oficial equivalente;<\/p>\n\n\n\n<p class=\"wp-block-paragraph\">III \u2013 programa da atividade cursada, discriminando ementa e carga hor\u00e1ria;<\/p>\n\n\n\n<p class=\"wp-block-paragraph\">IV \u2013 relat\u00f3rio final elaborado pelo estudante, no caso de mobilidade acad\u00eamica;<\/p>\n\n\n\n<p class=\"wp-block-paragraph\"><strong>Informa\u00e7\u00f5es adicionais:<\/strong><\/p>\n\n\n\n<p class=\"wp-block-paragraph\">A dispensa de realiza\u00e7\u00e3o de atividades acad\u00eamicas curriculares, n\u00e3o poder\u00e1 ultrapassar 75% (setenta e cinco por cento) da carga hor\u00e1ria total do percurso de vincula\u00e7\u00e3o do estudante \u00e0 UFMG;<strong><\/strong><\/p>\n\n\n\n<p class=\"wp-block-paragraph\">No caso de solicita\u00e7\u00e3o de dispensa em disciplina(s) que o aluno estiver matriculado recomenda-se que o mesmo continue frequentando a(s) disciplina(s) at\u00e9 que obtenha resposta de seu(s) requerimento(s);<\/p>\n\n\n\n<p class=\"wp-block-paragraph\">O aproveitamento de estudos por equival\u00eancia n\u00e3o ser\u00e1 considerado para o c\u00e1lculo de NSG (Nota Semestral Global);<\/p>\n\n\n\n<p class=\"wp-block-paragraph\">O aluno dever\u00e1 consultar o deferimento de sua solicita\u00e7\u00e3o no Sistema Acad\u00eamico \u201cSIGA UFMG\u201d em \u201cMINHAS OCORR\u00caNCIAS\u201d ou aguardar o aviso de indeferimento por e-mail.<\/p>\n\n\n\n<p class=\"wp-block-paragraph\">Para o curso de Medicina, as disciplina(s)&nbsp;<strong>cursada(s) h\u00e1 mais de cinco anos n\u00e3o ser\u00e1(\u00e3o) considerada(s), a menos que&nbsp;<\/strong>o aluno comprove viv\u00eancia profissional na \u00e1rea de conhecimento. (Decis\u00e3o realizada na Reuni\u00e3o do Colegiado do curso de Medicina em 19-08-2009).<\/p>\n","protected":false},"excerpt":{"rendered":"<p>Dispensa de Disciplina Conforme a&nbsp;Resolu\u00e7\u00e3o CEPE N\u00ba 06\/2019,&nbsp;o aluno que cursou disciplinas realizadas em outras institui\u00e7\u00f5es de ensino superior, nacionais ou internacionais poder\u00e3o solicitar o aproveitamento de estudos (dispensa de disciplina). Crit\u00e9rios para solicitar o aproveitamento de estudos: &nbsp;I \u2013 protocolizar o requerimento de aproveitamento de estudos, no m\u00e1ximo, at\u00e9 o segundo per\u00edodo letivo no [&hellip;]<\/p>\n","protected":false},"author":17,"featured_media":0,"parent":603,"menu_order":0,"comment_status":"closed","ping_status":"closed","template":"pagina-cegrad.php","meta":{"footnotes":""},"class_list":["post-619","page","type-page","status-publish","hentry"],"_links":{"self":[{"href":"https:\/\/www.medicina.ufmg.br\/cegrad\/wp-json\/wp\/v2\/pages\/619","targetHints":{"allow":["GET"]}}],"collection":[{"href":"https:\/\/www.medicina.ufmg.br\/cegrad\/wp-json\/wp\/v2\/pages"}],"about":[{"href":"https:\/\/www.medicina.ufmg.br\/cegrad\/wp-json\/wp\/v2\/types\/page"}],"author":[{"embeddable":true,"href":"https:\/\/www.medicina.ufmg.br\/cegrad\/wp-json\/wp\/v2\/users\/17"}],"replies":[{"embeddable":true,"href":"https:\/\/www.medicina.ufmg.br\/cegrad\/wp-json\/wp\/v2\/comments?post=619"}],"version-history":[{"count":1,"href":"https:\/\/www.medicina.ufmg.br\/cegrad\/wp-json\/wp\/v2\/pages\/619\/revisions"}],"predecessor-version":[{"id":620,"href":"https:\/\/www.medicina.ufmg.br\/cegrad\/wp-json\/wp\/v2\/pages\/619\/revisions\/620"}],"up":[{"embeddable":true,"href":"https:\/\/www.medicina.ufmg.br\/cegrad\/wp-json\/wp\/v2\/pages\/603"}],"wp:attachment":[{"href":"https:\/\/www.medicina.ufmg.br\/cegrad\/wp-json\/wp\/v2\/media?parent=619"}],"curies":[{"name":"wp","href":"https:\/\/api.w.org\/{rel}","templated":true}]}}