
{"id":81,"date":"2014-12-18T12:36:55","date_gmt":"2014-12-18T12:36:55","guid":{"rendered":"https:\/\/www.medicina.ufmg.br\/cpg\/?page_id=81"},"modified":"2025-05-06T13:23:12","modified_gmt":"2025-05-06T13:23:12","slug":"especializacao","status":"publish","type":"page","link":"https:\/\/www.medicina.ufmg.br\/cpg\/especializacao\/","title":{"rendered":"Especializa\u00e7\u00e3o"},"content":{"rendered":"<p><strong>Sa\u00fade do Adolescente<\/strong><br \/>\nCoordenador: Ana Maria Costa da Silva Lopes<br \/>\n<span style=\"color: #1566ad;\"><strong><a style=\"color: #1566ad;\" href=\"https:\/\/www.medicina.ufmg.br\/cpg\/wp-content\/uploads\/sites\/14\/2021\/03\/DISCIPLINAS-OFERTADAS-1.pdf\">Disciplinas Ofertadas<\/a><\/strong><\/span><br \/>\n<span style=\"color: #1566ad;\"><strong><a style=\"color: #1566ad;\" href=\"https:\/\/www.medicina.ufmg.br\/cpg\/wp-content\/uploads\/sites\/14\/2021\/03\/CEN\u00c1RIOS-DE-PR\u00c1TICA-DAS-DISCIPLINAS.pdf\">Docentes do Curso e Pr\u00e1tica das Disciplinas<\/a><\/strong><\/span><\/p>\n<p>A Especializa\u00e7\u00e3o em Sa\u00fade do Adolescente da Faculdade de Medicina da UFMG se iniciou em 2006, sendo oferecida ininterruptamente desde ent\u00e3o. A carga hor\u00e1ria, de 1360 horas, pode ser cumprida em at\u00e9 tr\u00eas anos. Al\u00e9m das disciplinas, uma monografia \u00e9 elaborada, como requisito para obten\u00e7\u00e3o do t\u00edtulo de especialista, sob orienta\u00e7\u00e3o de um professor orientador.<\/p>\n<p>O curso tem um car\u00e1ter cl\u00ednico, interdisciplinar; professores da Medicina, Enfermagem, Psicologia, Educa\u00e7\u00e3o, Servi\u00e7o Social, Artes Visuais, comp\u00f5em o corpo docente. Em cada cen\u00e1rio de pr\u00e1tica, h\u00e1 discuss\u00f5es te\u00f3ricas e supervis\u00e3o presencial. Os cen\u00e1rios abrangem o N\u00facleo de Sa\u00fade do Adolescente , o N\u00facleo de Investiga\u00e7\u00e3o em Anorexia e Bulimia, outros servi\u00e7os do HC-UFMG, al\u00e9m de outros locais vinculados \u00e0s redes de sa\u00fade, educa\u00e7\u00e3o e assist\u00eancia social.<\/p>\n<p>A Especializa\u00e7\u00e3o \u00e9 oferecida de forma gratuita, no \u00e2mbito da universidade p\u00fablica.<\/p>\n<p>Contato: espec.cpg.ufmg@gmail.com ou cpgmed@gmail.com<\/p>\n<p><span style=\"color: #1566ad;\"><a class=\"textolink\" style=\"font-weight: bold; color: #1566ad;\" href=\"https:\/\/www.medicina.ufmg.br\/editais\/?externo-cat=pos-graduacao\" target=\"_blank\" rel=\"noopener noreferrer\">Confira aqui os Editais de P\u00f3s-Gradua\u00e7\u00e3o<\/a><\/span><\/p>\n","protected":false},"excerpt":{"rendered":"<p>Sa\u00fade do Adolescente Coordenador: Ana Maria Costa da Silva Lopes Disciplinas Ofertadas Docentes do Curso e Pr\u00e1tica das Disciplinas A Especializa\u00e7\u00e3o em Sa\u00fade do Adolescente da Faculdade de Medicina da UFMG se iniciou em 2006, sendo oferecida ininterruptamente desde ent\u00e3o. A carga hor\u00e1ria, de 1360 horas, pode ser cumprida em at\u00e9 tr\u00eas anos. Al\u00e9m das [&hellip;]<\/p>\n","protected":false},"author":17,"featured_media":0,"parent":0,"menu_order":0,"comment_status":"closed","ping_status":"closed","template":"","meta":{"footnotes":""},"class_list":["post-81","page","type-page","status-publish","hentry"],"_links":{"self":[{"href":"https:\/\/www.medicina.ufmg.br\/cpg\/wp-json\/wp\/v2\/pages\/81","targetHints":{"allow":["GET"]}}],"collection":[{"href":"https:\/\/www.medicina.ufmg.br\/cpg\/wp-json\/wp\/v2\/pages"}],"about":[{"href":"https:\/\/www.medicina.ufmg.br\/cpg\/wp-json\/wp\/v2\/types\/page"}],"author":[{"embeddable":true,"href":"https:\/\/www.medicina.ufmg.br\/cpg\/wp-json\/wp\/v2\/users\/17"}],"replies":[{"embeddable":true,"href":"https:\/\/www.medicina.ufmg.br\/cpg\/wp-json\/wp\/v2\/comments?post=81"}],"version-history":[{"count":15,"href":"https:\/\/www.medicina.ufmg.br\/cpg\/wp-json\/wp\/v2\/pages\/81\/revisions"}],"predecessor-version":[{"id":2752,"href":"https:\/\/www.medicina.ufmg.br\/cpg\/wp-json\/wp\/v2\/pages\/81\/revisions\/2752"}],"wp:attachment":[{"href":"https:\/\/www.medicina.ufmg.br\/cpg\/wp-json\/wp\/v2\/media?parent=81"}],"curies":[{"name":"wp","href":"https:\/\/api.w.org\/{rel}","templated":true}]}}