
{"id":482,"date":"2022-11-23T16:08:58","date_gmt":"2022-11-23T16:08:58","guid":{"rendered":"https:\/\/www.medicina.ufmg.br\/cpgsaudedamulher\/?page_id=482"},"modified":"2023-07-13T19:04:33","modified_gmt":"2023-07-13T19:04:33","slug":"2023-2","status":"publish","type":"page","link":"https:\/\/www.medicina.ufmg.br\/cpgsaudedamulher\/2023-2\/","title":{"rendered":"2023"},"content":{"rendered":"\t\t<div data-elementor-type=\"wp-page\" data-elementor-id=\"482\" class=\"elementor elementor-482\">\n\t\t\t\t\t\t<section class=\"elementor-section elementor-top-section elementor-element elementor-element-fff8cd6 elementor-section-boxed elementor-section-height-default elementor-section-height-default\" data-id=\"fff8cd6\" data-element_type=\"section\">\n\t\t\t\t\t\t<div class=\"elementor-container elementor-column-gap-default\">\n\t\t\t\t\t<div class=\"elementor-column elementor-col-100 elementor-top-column elementor-element elementor-element-ee77a9b\" data-id=\"ee77a9b\" data-element_type=\"column\">\n\t\t\t<div class=\"elementor-widget-wrap elementor-element-populated\">\n\t\t\t\t\t\t<div class=\"elementor-element elementor-element-fd39d43 elementor-widget elementor-widget-heading\" data-id=\"fd39d43\" data-element_type=\"widget\" data-widget_type=\"heading.default\">\n\t\t\t\t<div class=\"elementor-widget-container\">\n\t\t\t\t\t<h2 class=\"elementor-heading-title elementor-size-medium\">Sele\u00e7\u00e3o Mestrado 2023\/1\n<\/h2>\t\t\t\t<\/div>\n\t\t\t\t<\/div>\n\t\t\t\t\t<\/div>\n\t\t<\/div>\n\t\t\t\t\t<\/div>\n\t\t<\/section>\n\t\t\t\t<section class=\"elementor-section elementor-top-section elementor-element elementor-element-085afb5 elementor-section-boxed elementor-section-height-default elementor-section-height-default\" data-id=\"085afb5\" data-element_type=\"section\">\n\t\t\t\t\t\t<div class=\"elementor-container elementor-column-gap-default\">\n\t\t\t\t\t<div class=\"elementor-column elementor-col-100 elementor-top-column elementor-element elementor-element-576f5aa\" data-id=\"576f5aa\" data-element_type=\"column\">\n\t\t\t<div class=\"elementor-widget-wrap elementor-element-populated\">\n\t\t\t\t\t\t<div class=\"elementor-element elementor-element-ba64fb1 elementor-widget elementor-widget-toggle\" data-id=\"ba64fb1\" data-element_type=\"widget\" data-widget_type=\"toggle.default\">\n\t\t\t\t<div class=\"elementor-widget-container\">\n\t\t\t\t\t\t\t<div class=\"elementor-toggle\">\n\t\t\t\t\t\t\t<div class=\"elementor-toggle-item\">\n\t\t\t\t\t<div id=\"elementor-tab-title-1951\" class=\"elementor-tab-title\" data-tab=\"1\" role=\"button\" aria-controls=\"elementor-tab-content-1951\" aria-expanded=\"false\">\n\t\t\t\t\t\t\t\t\t\t\t\t<span class=\"elementor-toggle-icon elementor-toggle-icon-left\" aria-hidden=\"true\">\n\t\t\t\t\t\t\t\t\t\t\t\t\t\t\t<span class=\"elementor-toggle-icon-closed\"><i class=\"fas fa-caret-right\"><\/i><\/span>\n\t\t\t\t\t\t\t\t<span class=\"elementor-toggle-icon-opened\"><i class=\"elementor-toggle-icon-opened fas fa-caret-up\"><\/i><\/span>\n\t\t\t\t\t\t\t\t\t\t\t\t\t<\/span>\n\t\t\t\t\t\t\t\t\t\t\t\t<a class=\"elementor-toggle-title\" tabindex=\"0\">Cronograma Fluxo Cont\u00ednuo Mestrado 2023<\/a>\n\t\t\t\t\t<\/div>\n\n\t\t\t\t\t<div id=\"elementor-tab-content-1951\" class=\"elementor-tab-content elementor-clearfix\" data-tab=\"1\" role=\"region\" aria-labelledby=\"elementor-tab-title-1951\"><p><a href=\"http:\/\/www.medicina.ufmg.br\/cpgsaudedamulher\/wp-content\/uploads\/sites\/41\/2023\/06\/Cronograma-fluxo-continuo_Mestrado_Saude-da-Mulher.pdf\">1 &#8211; Cronograma<\/a><br \/><a href=\"https:\/\/ftp.medicina.ufmg.br\/cpg\/arquivos\/2023\/Formulario%20de%20inscricao%20-%20Edital%20Regular%202023.xls\">2 &#8211; Formul\u00e1rio de Inscri\u00e7\u00e3o<\/a><br \/><a href=\"http:\/\/www.medicina.ufmg.br\/cpgsaudedamulher\/wp-content\/uploads\/sites\/41\/2023\/06\/3-Autodeclaracao-Etnico-Racial.pdf\">3 &#8211; Autodeclara\u00e7\u00e3o-\u00c9tnico-Racial<\/a><br \/><a href=\"https:\/\/ftp.medicina.ufmg.br\/cpg\/arquivos\/2023\/CARTA-DE-RECOMENDACAO_modelo.docx\">4 &#8211; Carta de Recomenda\u00e7\u00e3o<\/a><br \/><a href=\"https:\/\/docs.google.com\/forms\/d\/e\/1FAIpQLScZ_ksoBnUy65M5vA60qmrJNxC8tNCjKMx_xc089T8Lqd9FxA\/viewform\">5 &#8211; Projeto de Pesquisa<\/a><br \/><a href=\"http:\/\/www.medicina.ufmg.br\/cpgsaudedamulher\/wp-content\/uploads\/sites\/41\/2023\/06\/Declaracao-de-inexistencia-de-impedimento-ou-suspeicao-Mestrado-SM-1.pdf\">6 &#8211; Declara\u00e7\u00e3o de Impedimento<\/a><br \/><a href=\"http:\/\/www.medicina.ufmg.br\/cpgsaudedamulher\/wp-content\/uploads\/sites\/41\/2023\/06\/Homologacao-inscricoes-2023-2-1.pdf\">7 &#8211; Homologa\u00e7\u00e3o Processo Seletivo Mestrado\u00a02023\/2\u00aa<\/a><br \/><a href=\"http:\/\/www.medicina.ufmg.br\/cpgsaudedamulher\/wp-content\/uploads\/sites\/41\/2023\/06\/Retificacao-Cronograma-Fluxo-Continuo.pdf\">8 -Retifica\u00e7\u00e3o Cronograma Fluxo Cont\u00ednuo\u00a0Mestrado 2023\/2<\/a><br \/><a href=\"http:\/\/www.medicina.ufmg.br\/cpgsaudedamulher\/wp-content\/uploads\/sites\/41\/2023\/07\/Resultado-1a-etapa_fluxocontinuo2023-1.pdf\">9 &#8211; Resultado 1\u00aa ETAPA<\/a><br \/><a href=\"http:\/\/www.medicina.ufmg.br\/cpgsaudedamulher\/wp-content\/uploads\/sites\/41\/2023\/07\/Escala-de-teste-e-escala-de-arguicao-selecao-mestrado-2023-2-1.pdf\">10 &#8211; Escala teste de conex\u00e3o e Escala Argui\u00e7\u00e3o<\/a><br \/><a href=\"http:\/\/www.medicina.ufmg.br\/cpgsaudedamulher\/wp-content\/uploads\/sites\/41\/2023\/07\/Resultado-Final-Mestrado-Saude-Mulher.pdf\">11 &#8211; Resultado Final<\/a><\/p><div>\u00a0<\/div><\/div>\n\t\t\t\t<\/div>\n\t\t\t\t\t\t\t<div class=\"elementor-toggle-item\">\n\t\t\t\t\t<div id=\"elementor-tab-title-1952\" class=\"elementor-tab-title\" data-tab=\"2\" role=\"button\" aria-controls=\"elementor-tab-content-1952\" aria-expanded=\"false\">\n\t\t\t\t\t\t\t\t\t\t\t\t<span class=\"elementor-toggle-icon elementor-toggle-icon-left\" aria-hidden=\"true\">\n\t\t\t\t\t\t\t\t\t\t\t\t\t\t\t<span class=\"elementor-toggle-icon-closed\"><i class=\"fas fa-caret-right\"><\/i><\/span>\n\t\t\t\t\t\t\t\t<span class=\"elementor-toggle-icon-opened\"><i class=\"elementor-toggle-icon-opened fas fa-caret-up\"><\/i><\/span>\n\t\t\t\t\t\t\t\t\t\t\t\t\t<\/span>\n\t\t\t\t\t\t\t\t\t\t\t\t<a class=\"elementor-toggle-title\" tabindex=\"0\">Edital Regular 2023\/1<\/a>\n\t\t\t\t\t<\/div>\n\n\t\t\t\t\t<div id=\"elementor-tab-content-1952\" class=\"elementor-tab-content elementor-clearfix\" data-tab=\"2\" role=\"region\" aria-labelledby=\"elementor-tab-title-1952\"><p><a href=\"https:\/\/www.medicina.ufmg.br\/cpgsaudedamulher\/wp-content\/uploads\/sites\/41\/2022\/11\/Edital-Regular-SAUDE-DA-MULHER-2023.pdf\">Edital Regular<\/a><\/p><p><a href=\"https:\/\/ftp.medicina.ufmg.br\/cpg\/programas\/saude_mulher\/2023\/Formulario%20de%20inscricao%20-%20Edital%20Regular%202023.xls\">Formul\u00e1rio<\/a><\/p><p><a href=\"https:\/\/ftp.medicina.ufmg.br\/cpg\/programas\/saude_mulher\/2023\/3-Autodeclara%e7%e3o-%c9tnico-Racial.pdf\">Autodeclara\u00e7\u00e3o racial\u00a0<\/a><\/p><p><a href=\"https:\/\/ftp.medicina.ufmg.br\/cpg\/programas\/saude_mulher\/2023\/2023_CARTA-DE-RECOMENDACAO-28112022.docx\">Carta de Recomenda\u00e7\u00e3o<\/a><\/p><p><a href=\"https:\/\/forms.gle\/FEXPwX5fKhqVBWPW6\">Projeto de Pesquisa<\/a><\/p><p><a href=\"https:\/\/www.medicina.ufmg.br\/cpgsaudedamulher\/wp-content\/uploads\/sites\/41\/2023\/01\/RETIFICACAO-EDITAL-DE-SELECAO-EM-SAUDE-DA-MULHER-2023-1.pdf\">Retifica\u00e7\u00e3o data resultado final<\/a><\/p><p><a href=\"https:\/\/www.medicina.ufmg.br\/cpgsaudedamulher\/wp-content\/uploads\/sites\/41\/2023\/01\/DECLARACAO_Inexistencia-2023-1-SM.pdf\" target=\"_blank\" rel=\"noopener\" data-saferedirecturl=\"https:\/\/www.google.com\/url?q=https:\/\/www.medicina.ufmg.br\/cpgsaudedamulher\/wp-content\/uploads\/sites\/41\/2022\/07\/DECLARACAO-DE-IMPEDIMENTO-SAUDE-DA-MULHER-2022-2.pdf&amp;source=gmail&amp;ust=1674586540659000&amp;usg=AOvVaw2mMTd2MajaJtndPXtcBivd\">Declara\u00e7\u00e3o de Impedimento<\/a><\/p><p><a href=\"https:\/\/www.medicina.ufmg.br\/cpgsaudedamulher\/wp-content\/uploads\/sites\/41\/2023\/01\/homologacao.pdf\">Homologa\u00e7\u00e3o Inscri\u00e7\u00f5es 2023\/1\u00aa<\/a><\/p><p><a href=\"https:\/\/www.medicina.ufmg.br\/cpgsaudedamulher\/wp-content\/uploads\/sites\/41\/2023\/01\/Escala-de-arguicao-2023-1.pdf\">Escala de entrevista 03\/02\/2023<\/a><\/p><p><a href=\"https:\/\/www.medicina.ufmg.br\/cpgsaudedamulher\/wp-content\/uploads\/sites\/41\/2023\/01\/TESTE.pdf\">Teste de conectividade 01\/02\/2023<\/a><\/p><p><a href=\"https:\/\/www.medicina.ufmg.br\/cpgsaudedamulher\/wp-content\/uploads\/sites\/41\/2023\/02\/Resultado-Final-Mestrado-Saude-da-Mulher.pdf\">Resultado Final Mestrado<\/a><\/p><p><a href=\"http:\/\/www.medicina.ufmg.br\/cpgsaudedamulher\/wp-content\/uploads\/sites\/41\/2023\/05\/Retificacao-Ed.-Regular_Saude-da-Mulher_2023-1.pdf\">Retifica\u00e7\u00e3o do Edital Regular<\/a><\/p><\/div>\n\t\t\t\t<\/div>\n\t\t\t\t\t\t\t<div class=\"elementor-toggle-item\">\n\t\t\t\t\t<div id=\"elementor-tab-title-1953\" class=\"elementor-tab-title\" data-tab=\"3\" role=\"button\" aria-controls=\"elementor-tab-content-1953\" aria-expanded=\"false\">\n\t\t\t\t\t\t\t\t\t\t\t\t<span class=\"elementor-toggle-icon elementor-toggle-icon-left\" aria-hidden=\"true\">\n\t\t\t\t\t\t\t\t\t\t\t\t\t\t\t<span class=\"elementor-toggle-icon-closed\"><i class=\"fas fa-caret-right\"><\/i><\/span>\n\t\t\t\t\t\t\t\t<span class=\"elementor-toggle-icon-opened\"><i class=\"elementor-toggle-icon-opened fas fa-caret-up\"><\/i><\/span>\n\t\t\t\t\t\t\t\t\t\t\t\t\t<\/span>\n\t\t\t\t\t\t\t\t\t\t\t\t<a class=\"elementor-toggle-title\" tabindex=\"0\">Edital Suplementar 2023\/1<\/a>\n\t\t\t\t\t<\/div>\n\n\t\t\t\t\t<div id=\"elementor-tab-content-1953\" class=\"elementor-tab-content elementor-clearfix\" data-tab=\"3\" role=\"region\" aria-labelledby=\"elementor-tab-title-1953\"><p><a href=\"https:\/\/www.medicina.ufmg.br\/cpgsaudedamulher\/wp-content\/uploads\/sites\/41\/2022\/11\/2023_Edital-Suplementar_Saude-da-Mulher.pdf\">EDITAL<br \/><\/a><br \/><a href=\"https:\/\/ftp.medicina.ufmg.br\/cpg\/programas\/saude_mulher\/2023\/Formul%e1rio%20de%20inscri%e7%e3o%20Suplementar.xls\">FORMUL\u00c1RIO DE INSCRI\u00c7\u00c3O<\/a><br \/><br \/><a href=\"https:\/\/ftp.medicina.ufmg.br\/cpg\/programas\/saude_mulher\/2023\/FORMUL%c1RIO%20DE%20SOLICITA%c7%c3O%20DE%20CONDI%c7%d5ES%20ESPECIAIS%20PARA%20A%20REALIZA%c7%c3O%20DA%20PROVAPG.pdf\">FORMUL\u00c1RIO DE SOLICITA\u00c7\u00c3O DE CONDI\u00c7\u00d5ES ESPECIAIS PARA A REALIZA\u00c7\u00c3O DA PROVA<\/a><br \/><br \/><a href=\"https:\/\/ftp.medicina.ufmg.br\/cpg\/programas\/saude_mulher\/2023\/AUTODECLARA%c7%c3O%20DE%20PESSOA%20COM%20DEFICI%caNCIA.docx\">FORMUL\u00c1RIO DE AUTODECLARA\u00c7\u00c3O DE PESSOA COM DEFICI\u00caNCIA<\/a><br \/><br \/><a href=\"https:\/\/ftp.medicina.ufmg.br\/cpg\/programas\/saude_mulher\/2023\/MODELO%20DE%20RELAT%d3RIO%20DO%20M%c9DICO%20ASSISTENTE.pdf\">MODELO DE RELAT\u00d3RIO DO M\u00c9DICO ASSISTENTE<\/a><br \/><br \/><a href=\"https:\/\/ftp.medicina.ufmg.br\/cpg\/programas\/saude_mulher\/2023\/Declara%e7%e3o%20de%20Autorreconhecimento%20Ind%edgena.pdf\">DECLARA\u00c7\u00c3O DE AUTORRECONHECIMENTO IND\u00cdGENA<\/a><br \/><br \/><a href=\"https:\/\/ftp.medicina.ufmg.br\/cpg\/programas\/saude_mulher\/2023\/Declara%e7%e3o%20de%20Lideran%e7a%20Ind%edgena.pdf\">DECLARA\u00c7\u00c3O DE LIDERAN\u00c7AS IND\u00cdGENAS<\/a><br \/><br \/><a href=\"https:\/\/ftp.medicina.ufmg.br\/cpg\/programas\/saude_mulher\/2023\/Declara%e7%e3o%20de%20Resid%eancia%20Ind%edgena.pdf\">DECLARA\u00c7\u00c3O DE RESID\u00caNCIA EM COMUNIDADE IND\u00cdGENA<\/a><\/p><p><a href=\"https:\/\/docs.google.com\/forms\/d\/e\/1FAIpQLScZ_ksoBnUy65M5vA60qmrJNxC8tNCjKMx_xc089T8Lqd9FxA\/viewform\">PROJETO DE PESQUISA<\/a><\/p><\/div>\n\t\t\t\t<\/div>\n\t\t\t\t\t\t\t\t<\/div>\n\t\t\t\t\t\t<\/div>\n\t\t\t\t<\/div>\n\t\t\t\t\t<\/div>\n\t\t<\/div>\n\t\t\t\t\t<\/div>\n\t\t<\/section>\n\t\t\t\t<\/div>\n\t\t","protected":false},"excerpt":{"rendered":"<p>Sele\u00e7\u00e3o Mestrado 2023\/1 Cronograma Fluxo Cont\u00ednuo Mestrado 2023 1 &#8211; Cronograma2 &#8211; Formul\u00e1rio de Inscri\u00e7\u00e3o3 &#8211; Autodeclara\u00e7\u00e3o-\u00c9tnico-Racial4 &#8211; Carta de Recomenda\u00e7\u00e3o5 &#8211; Projeto de Pesquisa6 &#8211; Declara\u00e7\u00e3o de Impedimento7 &#8211; Homologa\u00e7\u00e3o Processo Seletivo Mestrado\u00a02023\/2\u00aa8 -Retifica\u00e7\u00e3o Cronograma Fluxo Cont\u00ednuo\u00a0Mestrado 2023\/29 &#8211; Resultado 1\u00aa ETAPA10 &#8211; Escala teste de conex\u00e3o e Escala Argui\u00e7\u00e3o11 &#8211; Resultado Final \u00a0 [&hellip;]<\/p>\n","protected":false},"author":17,"featured_media":0,"parent":0,"menu_order":0,"comment_status":"closed","ping_status":"closed","template":"","meta":{"footnotes":""},"class_list":["post-482","page","type-page","status-publish","hentry"],"_links":{"self":[{"href":"https:\/\/www.medicina.ufmg.br\/cpgsaudedamulher\/wp-json\/wp\/v2\/pages\/482","targetHints":{"allow":["GET"]}}],"collection":[{"href":"https:\/\/www.medicina.ufmg.br\/cpgsaudedamulher\/wp-json\/wp\/v2\/pages"}],"about":[{"href":"https:\/\/www.medicina.ufmg.br\/cpgsaudedamulher\/wp-json\/wp\/v2\/types\/page"}],"author":[{"embeddable":true,"href":"https:\/\/www.medicina.ufmg.br\/cpgsaudedamulher\/wp-json\/wp\/v2\/users\/17"}],"replies":[{"embeddable":true,"href":"https:\/\/www.medicina.ufmg.br\/cpgsaudedamulher\/wp-json\/wp\/v2\/comments?post=482"}],"version-history":[{"count":21,"href":"https:\/\/www.medicina.ufmg.br\/cpgsaudedamulher\/wp-json\/wp\/v2\/pages\/482\/revisions"}],"predecessor-version":[{"id":656,"href":"https:\/\/www.medicina.ufmg.br\/cpgsaudedamulher\/wp-json\/wp\/v2\/pages\/482\/revisions\/656"}],"wp:attachment":[{"href":"https:\/\/www.medicina.ufmg.br\/cpgsaudedamulher\/wp-json\/wp\/v2\/media?parent=482"}],"curies":[{"name":"wp","href":"https:\/\/api.w.org\/{rel}","templated":true}]}}