
{"id":57,"date":"2016-02-19T16:29:25","date_gmt":"2016-02-19T16:29:25","guid":{"rendered":"https:\/\/www.medicina.ufmg.br\/cpgsaudepublica\/?page_id=57"},"modified":"2025-02-13T18:51:28","modified_gmt":"2025-02-13T18:51:28","slug":"linhas-de-pesquisa","status":"publish","type":"page","link":"https:\/\/www.medicina.ufmg.br\/cpgsaudepublica\/linhas-de-pesquisa\/","title":{"rendered":"Linhas de Pesquisa"},"content":{"rendered":"\t\t<div data-elementor-type=\"wp-page\" data-elementor-id=\"57\" class=\"elementor elementor-57\">\n\t\t\t\t<div class=\"elementor-element elementor-element-71badf0 e-flex e-con-boxed e-con e-parent\" data-id=\"71badf0\" data-element_type=\"container\">\n\t\t\t\t\t<div class=\"e-con-inner\">\n\t\t\t\t<div class=\"elementor-element elementor-element-cb54e2e elementor-widget elementor-widget-text-editor\" data-id=\"cb54e2e\" data-element_type=\"widget\" data-widget_type=\"text-editor.default\">\n\t\t\t\t<div class=\"elementor-widget-container\">\n\t\t\t\t\t\t\t\t\t<p><span style=\"font-weight: 400;\">Os docentes do PPGSP-UFMG lideram projetos de pesquisa que utilizam abordagens metodol\u00f3gicas s\u00f3lidas e inovadoras, cujos resultados t\u00eam contribu\u00eddo significativamente para a produ\u00e7\u00e3o de conhecimento em Sa\u00fade P\u00fablica tanto no Brasil quanto no exterior. Atualmente, o PPGSP-UFMG conta com seis linhas de pesquisa, apoiadas por doze grupos de pesquisa que desenvolvem projetos robustos e promovem a amplia\u00e7\u00e3o das redes de colabora\u00e7\u00e3o entre pesquisadores da UFMG e de outras universidades, nacionais e internacionais. O car\u00e1ter inovador dos projetos realizados por esses grupos de pesquisa merece destaque, n\u00e3o apenas pela sua contribui\u00e7\u00e3o cient\u00edfica, mas tamb\u00e9m pela capacidade dos resultados desses projetos transcenderem o contexto mineiro e nacional. A qualidade dos projetos \u00e9 evidenciada pelo volume e pela excel\u00eancia da produ\u00e7\u00e3o cient\u00edfica gerada, bem como pelo aumento cont\u00ednuo do financiamento em pequisa\u00a0 obtido por nossos docentes.<\/span><\/p>\t\t\t\t\t\t\t\t<\/div>\n\t\t\t\t<\/div>\n\t\t\t\t\t<\/div>\n\t\t\t\t<\/div>\n\t\t<div class=\"elementor-element elementor-element-4c24b8d e-flex e-con-boxed e-con e-parent\" data-id=\"4c24b8d\" data-element_type=\"container\">\n\t\t\t\t\t<div class=\"e-con-inner\">\n\t\t\t\t<div class=\"elementor-element elementor-element-e751545 elementor-widget elementor-widget-menu-anchor\" data-id=\"e751545\" data-element_type=\"widget\" data-widget_type=\"menu-anchor.default\">\n\t\t\t\t<div class=\"elementor-widget-container\">\n\t\t\t\t\t\t\t<div class=\"elementor-menu-anchor\" id=\"avaliacao\"><\/div>\n\t\t\t\t\t\t<\/div>\n\t\t\t\t<\/div>\n\t\t\t\t\t<\/div>\n\t\t\t\t<\/div>\n\t\t<div class=\"elementor-element elementor-element-f4e6f3e e-flex e-con-boxed e-con e-parent\" data-id=\"f4e6f3e\" data-element_type=\"container\">\n\t\t\t\t\t<div class=\"e-con-inner\">\n\t\t\t\t<div class=\"elementor-element elementor-element-3ba9309 elementor-widget elementor-widget-text-editor\" data-id=\"3ba9309\" data-element_type=\"widget\" data-widget_type=\"text-editor.default\">\n\t\t\t\t<div class=\"elementor-widget-container\">\n\t\t\t\t\t\t\t\t\t<p><strong>Avalia\u00e7\u00e3o em sa\u00fade e servi\u00e7os de sa\u00fade<\/strong><\/p><p>Os projetos desenvolvidos nesta linha de pesquisa tem por objetivo investigar e avaliar servi\u00e7os de sa\u00fade e sua rela\u00e7\u00e3o com doen\u00e7as\/eventos de relev\u00e2ncia em sa\u00fade p\u00fablica, incluindo mortalidade, doen\u00e7as infecciosas ou cr\u00f4nicas, e marcadores de uso de servi\u00e7os. Estuda a inter-rela\u00e7\u00e3o estrutura, processo e resultados com destaque para qualidade da aten\u00e7\u00e3o \u00e0 sa\u00fade, incluindo acesso, utiliza\u00e7\u00e3o, efic\u00e1cia, efici\u00eancia, equidade, ades\u00e3o, a\u00e7\u00f5es de vigil\u00e2ncia epidemiol\u00f3gicas, dentre outros. S\u00e3o utilizadas metodologias qualitativas e quantitativas, destacando-se inqu\u00e9ritos, estudos de coorte, e caso-controle.<\/p>\t\t\t\t\t\t\t\t<\/div>\n\t\t\t\t<\/div>\n\t\t\t\t\t<\/div>\n\t\t\t\t<\/div>\n\t\t<div class=\"elementor-element elementor-element-f7c7551 e-flex e-con-boxed e-con e-parent\" data-id=\"f7c7551\" data-element_type=\"container\">\n\t\t\t\t\t<div class=\"e-con-inner\">\n\t\t\t\t<div class=\"elementor-element elementor-element-b50cef8 elementor-widget elementor-widget-menu-anchor\" data-id=\"b50cef8\" data-element_type=\"widget\" data-widget_type=\"menu-anchor.default\">\n\t\t\t\t<div class=\"elementor-widget-container\">\n\t\t\t\t\t\t\t<div class=\"elementor-menu-anchor\" id=\"condicoes\"><\/div>\n\t\t\t\t\t\t<\/div>\n\t\t\t\t<\/div>\n\t\t\t\t\t<\/div>\n\t\t\t\t<\/div>\n\t\t<div class=\"elementor-element elementor-element-168edc4 e-flex e-con-boxed e-con e-parent\" data-id=\"168edc4\" data-element_type=\"container\">\n\t\t\t\t\t<div class=\"e-con-inner\">\n\t\t\t\t<div class=\"elementor-element elementor-element-b1a035a elementor-widget elementor-widget-text-editor\" data-id=\"b1a035a\" data-element_type=\"widget\" data-widget_type=\"text-editor.default\">\n\t\t\t\t<div class=\"elementor-widget-container\">\n\t\t\t\t\t\t\t\t\t<p><strong>Condi\u00e7\u00f5es de trabalho e sa\u00fade<\/strong><\/p><p>Os projetos investigativos articulados \u00e0 linha Condi\u00e7\u00f5es de Trabalho e Sa\u00fade s\u00e3o baseados em conceitos e m\u00e9todos que orientam abordagens compreensivas de morbidades em grupos ocupacionais espec\u00edficos. Inqu\u00e9ritos ocupacionais espec\u00edficos s\u00e3o realizados no setor p\u00fablico de sa\u00fade, nas escolas do ensino fundamental, no setor judici\u00e1rio e no setor do transporte coletivo urbano. Tais produtos s\u00e3o a base para a elabora\u00e7\u00e3o de pol\u00edticas de recursos humanos em sa\u00fade no \u00e2mbito do Minist\u00e9rio da Sa\u00fade do Brasil e da Organiza\u00e7\u00e3o Pan-Americana de Sa\u00fade, e para responder \u00e0s demandas de insumos para as a\u00e7\u00f5es e interven\u00e7\u00e3o em ambientes dos servi\u00e7os p\u00fablicos municipais e federais<\/p>\t\t\t\t\t\t\t\t<\/div>\n\t\t\t\t<\/div>\n\t\t\t\t\t<\/div>\n\t\t\t\t<\/div>\n\t\t<div class=\"elementor-element elementor-element-c208e69 e-flex e-con-boxed e-con e-parent\" data-id=\"c208e69\" data-element_type=\"container\">\n\t\t\t\t\t<div class=\"e-con-inner\">\n\t\t\t\t<div class=\"elementor-element elementor-element-1904098 elementor-widget elementor-widget-menu-anchor\" data-id=\"1904098\" data-element_type=\"widget\" data-widget_type=\"menu-anchor.default\">\n\t\t\t\t<div class=\"elementor-widget-container\">\n\t\t\t\t\t\t\t<div class=\"elementor-menu-anchor\" id=\"economia\"><\/div>\n\t\t\t\t\t\t<\/div>\n\t\t\t\t<\/div>\n\t\t\t\t\t<\/div>\n\t\t\t\t<\/div>\n\t\t<div class=\"elementor-element elementor-element-7f39c74 e-flex e-con-boxed e-con e-parent\" data-id=\"7f39c74\" data-element_type=\"container\">\n\t\t\t\t\t<div class=\"e-con-inner\">\n\t\t\t\t<div class=\"elementor-element elementor-element-c53a7bb elementor-widget elementor-widget-text-editor\" data-id=\"c53a7bb\" data-element_type=\"widget\" data-widget_type=\"text-editor.default\">\n\t\t\t\t<div class=\"elementor-widget-container\">\n\t\t\t\t\t\t\t\t\t<p><strong>Economia da sa\u00fade e gest\u00e3o de sistemas de sa\u00fade<\/strong><\/p><p>Os projetos desenvolvidos nesta linha de pesquisa buscam analisar e avaliar as pol\u00edticas de sa\u00fade no contexto dos estados de bem-estar social, bem como seus determinantes e resultados, a fim de elaborar alternativas para a aloca\u00e7\u00e3o de recursos e possibilidades de obten\u00e7\u00e3o de efici\u00eancia e equidade na gest\u00e3o em sa\u00fade. A incorpora\u00e7\u00e3o da economia da sa\u00fade auxilia na determina\u00e7\u00e3o de prioridades, bem como propicia metodologias e\/ou instrumentos de avalia\u00e7\u00e3o econ\u00f4mico-epidemiol\u00f3gicas para um leque de abordagens: estudos de oferta e demanda em sa\u00fade, estudos relacionados \u00e0 sa\u00fade suplementar; avalia\u00e7\u00e3o de tecnologias; judicializa\u00e7\u00e3o da sa\u00fade; an\u00e1lise dos sistemas de sa\u00fade; incluindo a avalia\u00e7\u00e3o dos n\u00edveis de aten\u00e7\u00e3o e da qualidade da Aten\u00e7\u00e3o Prim\u00e1ria\/B\u00e1sica no Brasil bem como a distribui\u00e7\u00e3o espacial de recursos e equipamentos assistenciais.<\/p>\t\t\t\t\t\t\t\t<\/div>\n\t\t\t\t<\/div>\n\t\t\t\t<div class=\"elementor-element elementor-element-1d5d3dc elementor-widget elementor-widget-menu-anchor\" data-id=\"1d5d3dc\" data-element_type=\"widget\" data-widget_type=\"menu-anchor.default\">\n\t\t\t\t<div class=\"elementor-widget-container\">\n\t\t\t\t\t\t\t<div class=\"elementor-menu-anchor\" id=\"epidemiologia\"><\/div>\n\t\t\t\t\t\t<\/div>\n\t\t\t\t<\/div>\n\t\t\t\t\t<\/div>\n\t\t\t\t<\/div>\n\t\t<div class=\"elementor-element elementor-element-72b3caa e-flex e-con-boxed e-con e-parent\" data-id=\"72b3caa\" data-element_type=\"container\">\n\t\t\t\t\t<div class=\"e-con-inner\">\n\t\t\t\t<div class=\"elementor-element elementor-element-3606919 elementor-widget elementor-widget-text-editor\" data-id=\"3606919\" data-element_type=\"widget\" data-widget_type=\"text-editor.default\">\n\t\t\t\t<div class=\"elementor-widget-container\">\n\t\t\t\t\t\t\t\t\t<p><strong>\u00a0Epidemiologia das doen\u00e7as e agravos n\u00e3o transmiss\u00edveis<\/strong><\/p><p>Esta linha de pesquisa buscam re\u00fane estudos em doen\u00e7as cr\u00f4nicas n\u00e3o transmiss\u00edveis (DCNT), suas condi\u00e7\u00f5es precursoras e complica\u00e7\u00f5es, bem como seus determinantes sociais, psicossociais, biol\u00f3gicos e comportamentais, assim como fatores proximais, mediais e distais. Utiliza o estado da arte do conhecimento no tema para investigar, reunir e gerar evid\u00eancias cient\u00edficas visando orientar a\u00e7\u00f5es de preven\u00e7\u00e3o e controle dessas doen\u00e7as em popula\u00e7\u00f5es e reduzir as desigualdades sociais em sa\u00fade relacionadas. Inclui estudos com dados prim\u00e1rios e secund\u00e1rios em popula\u00e7\u00f5es gerais e espec\u00edficas, contemplando delineamentos ecol\u00f3gicos, transversais e longitudinais.<\/p>\t\t\t\t\t\t\t\t<\/div>\n\t\t\t\t<\/div>\n\t\t\t\t\t<\/div>\n\t\t\t\t<\/div>\n\t\t<div class=\"elementor-element elementor-element-2f36172 e-flex e-con-boxed e-con e-parent\" data-id=\"2f36172\" data-element_type=\"container\">\n\t\t\t\t\t<div class=\"e-con-inner\">\n\t\t\t\t<div class=\"elementor-element elementor-element-0e5e236 elementor-widget elementor-widget-menu-anchor\" data-id=\"0e5e236\" data-element_type=\"widget\" data-widget_type=\"menu-anchor.default\">\n\t\t\t\t<div class=\"elementor-widget-container\">\n\t\t\t\t\t\t\t<div class=\"elementor-menu-anchor\" id=\"saudedoidoso\"><\/div>\n\t\t\t\t\t\t<\/div>\n\t\t\t\t<\/div>\n\t\t\t\t\t<\/div>\n\t\t\t\t<\/div>\n\t\t<div class=\"elementor-element elementor-element-8ddc722 e-flex e-con-boxed e-con e-parent\" data-id=\"8ddc722\" data-element_type=\"container\">\n\t\t\t\t\t<div class=\"e-con-inner\">\n\t\t\t\t<div class=\"elementor-element elementor-element-d25b83e elementor-widget elementor-widget-text-editor\" data-id=\"d25b83e\" data-element_type=\"widget\" data-widget_type=\"text-editor.default\">\n\t\t\t\t<div class=\"elementor-widget-container\">\n\t\t\t\t\t\t\t\t\t<p><strong>Epidemiologia da sa\u00fade do idoso<\/strong><\/p><p>A linha de pesquisa em sa\u00fade do idoso re\u00fane estudos epidemiol\u00f3gicos de\u00a0 base populacional e com popula\u00e7\u00f5es espec\u00edficas com coleta de dados prim\u00e1rios e baseados em dados secund\u00e1rios oriundos das diversas fontes dispon\u00edveis no pa\u00eds. Os projetos inseridos nessa linha de pesquisa t\u00eam por objetivo conhecer as condi\u00e7\u00f5es de sa\u00fade dos idosos, investigar seus determinantes e contribuir para promover o envelhecimento saud\u00e1vel.<\/p>\t\t\t\t\t\t\t\t<\/div>\n\t\t\t\t<\/div>\n\t\t\t\t\t<\/div>\n\t\t\t\t<\/div>\n\t\t<div class=\"elementor-element elementor-element-70dddc9 e-flex e-con-boxed e-con e-parent\" data-id=\"70dddc9\" data-element_type=\"container\">\n\t\t\t\t\t<div class=\"e-con-inner\">\n\t\t\t\t<div class=\"elementor-element elementor-element-a09c1bf elementor-widget elementor-widget-menu-anchor\" data-id=\"a09c1bf\" data-element_type=\"widget\" data-widget_type=\"menu-anchor.default\">\n\t\t\t\t<div class=\"elementor-widget-container\">\n\t\t\t\t\t\t\t<div class=\"elementor-menu-anchor\" id=\"saudeurbana\"><\/div>\n\t\t\t\t\t\t<\/div>\n\t\t\t\t<\/div>\n\t\t\t\t\t<\/div>\n\t\t\t\t<\/div>\n\t\t<div class=\"elementor-element elementor-element-44aa10f3 e-flex e-con-boxed e-con e-parent\" data-id=\"44aa10f3\" data-element_type=\"container\">\n\t\t\t\t\t<div class=\"e-con-inner\">\n\t\t\t\t<div class=\"elementor-element elementor-element-701535af elementor-widget elementor-widget-text-editor\" data-id=\"701535af\" data-element_type=\"widget\" data-widget_type=\"text-editor.default\">\n\t\t\t\t<div class=\"elementor-widget-container\">\n\t\t\t\t\t\t\t\t\t<p>\u00a0<\/p><p><strong>Sa\u00fade urbana<\/strong><\/p><p>Essa linha de pesquisa aborda a sa\u00fade nas cidades e as tend\u00eancias espaciais e temporais, desenvolvendo projetos multidisciplinares e intersetoriais para examinar eventos relacionados \u00e0 sa\u00fade das popula\u00e7\u00f5es no contexto da urbaniza\u00e7\u00e3o e seus agravos, com \u00eanfase nas iniquidades e seus determinantes. Inclui, al\u00e9m de projetos com delineamento epidemiol\u00f3gico tradicional, estudos multim\u00e9todos, objetivando avaliar interven\u00e7\u00f5es urbanas provenientes n\u00e3o s\u00f3 do setor sa\u00fade, mas tamb\u00e9m de outros setores da cidade, como tr\u00e2nsito, interven\u00e7\u00f5es de qualifica\u00e7\u00f5es em assentamentos informais (vilas e favelas), dentre outros.<\/p><p><\/p><p><\/p>\t\t\t\t\t\t\t\t<\/div>\n\t\t\t\t<\/div>\n\t\t\t\t\t<\/div>\n\t\t\t\t<\/div>\n\t\t\t\t<\/div>\n\t\t","protected":false},"excerpt":{"rendered":"<p>Os docentes do PPGSP-UFMG lideram projetos de pesquisa que utilizam abordagens metodol\u00f3gicas s\u00f3lidas e inovadoras, cujos resultados t\u00eam contribu\u00eddo significativamente para a produ\u00e7\u00e3o de conhecimento em Sa\u00fade P\u00fablica tanto no Brasil quanto no exterior. Atualmente, o PPGSP-UFMG conta com seis linhas de pesquisa, apoiadas por doze grupos de pesquisa que desenvolvem projetos robustos e promovem [&hellip;]<\/p>\n","protected":false},"author":17,"featured_media":0,"parent":0,"menu_order":0,"comment_status":"closed","ping_status":"closed","template":"","meta":{"footnotes":""},"class_list":["post-57","page","type-page","status-publish","hentry"],"_links":{"self":[{"href":"https:\/\/www.medicina.ufmg.br\/cpgsaudepublica\/wp-json\/wp\/v2\/pages\/57","targetHints":{"allow":["GET"]}}],"collection":[{"href":"https:\/\/www.medicina.ufmg.br\/cpgsaudepublica\/wp-json\/wp\/v2\/pages"}],"about":[{"href":"https:\/\/www.medicina.ufmg.br\/cpgsaudepublica\/wp-json\/wp\/v2\/types\/page"}],"author":[{"embeddable":true,"href":"https:\/\/www.medicina.ufmg.br\/cpgsaudepublica\/wp-json\/wp\/v2\/users\/17"}],"replies":[{"embeddable":true,"href":"https:\/\/www.medicina.ufmg.br\/cpgsaudepublica\/wp-json\/wp\/v2\/comments?post=57"}],"version-history":[{"count":12,"href":"https:\/\/www.medicina.ufmg.br\/cpgsaudepublica\/wp-json\/wp\/v2\/pages\/57\/revisions"}],"predecessor-version":[{"id":2034,"href":"https:\/\/www.medicina.ufmg.br\/cpgsaudepublica\/wp-json\/wp\/v2\/pages\/57\/revisions\/2034"}],"wp:attachment":[{"href":"https:\/\/www.medicina.ufmg.br\/cpgsaudepublica\/wp-json\/wp\/v2\/media?parent=57"}],"curies":[{"name":"wp","href":"https:\/\/api.w.org\/{rel}","templated":true}]}}