{"id":94,"date":"2019-06-17T14:39:03","date_gmt":"2019-06-17T17:39:03","guid":{"rendered":"https:\/\/www.medicina.ufmg.br\/mostraaps\/?page_id=94"},"modified":"2019-10-31T16:20:51","modified_gmt":"2019-10-31T19:20:51","slug":"2a-mostra","status":"publish","type":"page","link":"https:\/\/www.medicina.ufmg.br\/mostraaps\/2a-mostra\/","title":{"rendered":"2\u00aa Mostra"},"content":{"rendered":"<div class=\"otw-sc-toggle\"><h3 class=\"toggle-trigger widget-title closed\"><i class=\"social foundicon-youtube\"> <\/i>V\u00eddeo 1 - Mulheres do Alcides: relatos das protagonistas do cuidado no Centro de Sa\u00fade Alcides Lins<span class=\"icon\"><\/span><\/h3><div class=\"toggle-content\"><p><\/p><br \/>\n<p><iframe src=\"https:\/\/www.youtube.com\/embed\/5Fl8dso9wlc\" width=\"100%\" height=\"315\" frameborder=\"0\" allowfullscreen=\"allowfullscreen\"><\/iframe><\/p><br \/>\n<p><strong>Resumo <\/strong>&#8211;&nbsp; O v\u00eddeo realiza uma abordagem a respeito do Centro de Sa\u00fade Alcides Lins, destacando o cuidado direcionado \u00e0s mulheres e a express\u00e3o feminina na for\u00e7a de trabalho da UBS. Por meio de relatos, as \u201cMulheres do Alcides\u201d demonstram&nbsp; a import\u00e2ncia das profiss\u00f5es que elas exercem com paix\u00e3o.<\/p><br \/>\n<p><strong>Alunos<\/strong>:&nbsp;Gabriel Moraes, Geanne Muniz, Izabela Viana, Jair Ant\u00f4nio, Jo\u00e3o Victor Xavier, Jordana Peruchi, Larissa Diniz, Laura Normando<\/p><br \/>\n<p><strong>Professora<\/strong>: Silvana de Araujo<\/p><br \/>\n<p><strong>Turma<\/strong>: A2<\/p><br \/>\n<p><\/p><\/div><\/div>\n\n\n<div class=\"otw-sc-toggle\"><h3 class=\"toggle-trigger widget-title closed\"><i class=\"social foundicon-youtube\"> <\/i>V\u00eddeo 2 - Blitz da sa\u00fade<span class=\"icon\"><\/span><\/h3><div class=\"toggle-content\"><p><\/p><br \/>\n<p><iframe src=\"https:\/\/www.youtube.com\/embed\/njWOXD7DqmM\" width=\"100%\" height=\"315\" frameborder=\"0\" allowfullscreen=\"allowfullscreen\"><\/iframe><\/p><br \/>\n<p><strong>Resumo <\/strong>&#8211;&nbsp; O Centro de Sa\u00fade Carlos Chagas, em parceria com a APROSMIG, Pastoral da Mulher e as turmas de IAPS da FM-UFMG, desde 2017, promove atividades com o intuito de amenizar o quadro de vulnerabilidade das profissionais do sexo e busca ser a porta de entrada ao sistema de sa\u00fade para esse grupo.<\/p><br \/>\n<p><strong>Alunos<\/strong>:&nbsp;Guilherme Moreto, Gustavo Abreu, Henrique Fernandes, Henrique Le\u00e3o Fava, Henrique Rodrigues, Jos\u00e9 Henrique, Jos\u00e9 Vitor, Julia Vasconcelos, Juliana Mon\u00e7\u00e3o, e Matheus Lucca<\/p><br \/>\n<p><strong>Professor<\/strong>: Nathan M. Souza<\/p><br \/>\n<p><strong>Turma<\/strong>: D2<\/p><br \/>\n<p><\/p><\/div><\/div>\n\n\n<div class=\"otw-sc-toggle\"><h3 class=\"toggle-trigger widget-title closed\"><i class=\"social foundicon-youtube\"> <\/i>V\u00eddeo 3 - Rede de Aten\u00e7\u00e3o em Sa\u00fade Mental - Hist\u00f3rico, Dispositivos Atuais e Intera\u00e7\u00e3o com a Unidade B\u00e1sica de Sa\u00fade<span class=\"icon\"><\/span><\/h3><div class=\"toggle-content\"><p><\/p><br \/>\n<p><iframe src=\"https:\/\/www.youtube.com\/embed\/2w4OFC9kVDY\" width=\"100%\" height=\"315\" frameborder=\"0\" allowfullscreen=\"allowfullscreen\"><\/iframe><\/p><br \/>\n<p><strong>Resumo <\/strong>&#8211;&nbsp; A Rede de Sa\u00fade Mental do SUS conta com CERSAMs e Centros de Conviv\u00eancia, sendo a UBS ativa nessa rede. No Centro de Sa\u00fade Padre Tarc\u00edsio, por exemplo, psic\u00f3logos, psiquiatras e equipe de sa\u00fade da fam\u00edlia realizam acolhimento. A aten\u00e7\u00e3o \u00e0 sa\u00fade mental \u00e9 fruto da supera\u00e7\u00e3o da l\u00f3gica manicomial.<\/p><br \/>\n<p><strong>Alunos<\/strong>:&nbsp;Liv Maria Caetano Costa, Luiz Felipe Rodrigues Paulino, Luiza Izabel de Freitas, Marco Ant\u00f4nio Andrade Junior, Mateus Chaves Ferreira, Matheus de Oliveira Ferreira, Mylena Maria Guedes de Almeida, Paulo Roberto Nolli Filho e Pedro Renault Alves<\/p><br \/>\n<p><strong>Professora(s)<\/strong>: Gabriella Naz\u00e1rio Cirilo (substituta), Juliana Dias<\/p><br \/>\n<p><strong>Turma<\/strong>: A3<\/p><br \/>\n<p><\/p><\/div><\/div>\n\n\n<div class=\"otw-sc-toggle\"><h3 class=\"toggle-trigger widget-title closed\"><i class=\"social foundicon-youtube\"> <\/i>V\u00eddeo 4 - Aten\u00e7\u00e3o Prim\u00e1ria: Um Olhar Mais Humanizado<span class=\"icon\"><\/span><\/h3><div class=\"toggle-content\"><p><\/p><br \/>\n<p><iframe src=\"https:\/\/www.youtube.com\/embed\/khdOD2cavCA\" width=\"100%\" height=\"315\" frameborder=\"0\" allowfullscreen=\"allowfullscreen\"><\/iframe><\/p><br \/>\n<p><strong>Resumo <\/strong>&#8211;&nbsp; O paciente deve ser tratado como algu\u00e9m al\u00e9m de um caso cl\u00ednico. Dessa forma, o v\u00eddeo esbo\u00e7a a trajet\u00f3ria de um usu\u00e1rio do Cidade Ozanan, onde se aplica um atendimento pautado no princ\u00edpio da integralidade. Al\u00e9m disso, entrevistou-se um paciente frequente, interessante e complexo: o Seu P\u00e9ricles.<\/p><br \/>\n<p><strong>Alunos<\/strong>:&nbsp;LUIS GUSTAVO FRAGA BELOTTO, NELSON CARVALHO DO AMARAL, PAULA EDUARDA ALVES DOS SANTOS, PAULO ROBERTO MENDES DE CARVALHO, REGINA SAFAR AZIZ ANTONIO, SAMUEL DE ARAUJO GOMES, URSULA GRAMISCELLI HASPARYK, VICTOR TARANTO POLIZEL, VITOR HUGO MACHADO VILELA<\/p><br \/>\n<p><strong>Professora<\/strong>: L\u00edgia Ara\u00fajo Milanez<\/p><br \/>\n<p><strong>Turma<\/strong>: B4<\/p><br \/>\n<p><\/p><\/div><\/div>\n\n\n<div class=\"otw-sc-toggle\"><h3 class=\"toggle-trigger widget-title closed\"><i class=\"social foundicon-youtube\"> <\/i>V\u00eddeo 5 - Centro de Sa\u00fade S\u00e3o Bernardo: Sa\u00fade mental na Aten\u00e7\u00e3o Prim\u00e1ria \u00e0 Sa\u00fade<span class=\"icon\"><\/span><\/h3><div class=\"toggle-content\"><p><\/p><br \/>\n<p><iframe src=\"https:\/\/www.youtube.com\/embed\/4fBpj1kW2Qo\" width=\"100%\" height=\"315\" frameborder=\"0\" allowfullscreen=\"allowfullscreen\"><\/iframe><\/p><br \/>\n<p><strong>Resumo <\/strong>&#8211;&nbsp; Belo Horizonte conta com uma ampla estrutura para proporcionar cuidado em sa\u00fade mental. Est\u00e3o inclu\u00eddas nessa rede as UBS e o CERSAM. Na UBS, o usu\u00e1rio conta com profissionais do ESF, ESM e NASF. O CERSAM conta com uma equipe multiprofissional integrada e apoiada a outros pontos de cuidado.<\/p><br \/>\n<p><strong>Alunos<\/strong>:&nbsp;Denilson Monteiro, Diego da Rosa, Gabriel Rosa, Guido Vieira, Isis Nogueira, J\u00e9ssica Alves, Jo\u00e3o Alexandre, Jo\u00e3o Pavan, Jo\u00e3o Pedro Carvalho<\/p><br \/>\n<p><strong>Professora<\/strong>: Luana Giatti<\/p><br \/>\n<p><strong>Turma<\/strong>: B2<\/p><br \/>\n<p><\/p><\/div><\/div>\n\n\n<div class=\"otw-sc-toggle\"><h3 class=\"toggle-trigger widget-title closed\"><i class=\"social foundicon-youtube\"> <\/i>V\u00eddeo 6 - Imuniza\u00e7\u00e3o no SUS<span class=\"icon\"><\/span><\/h3><div class=\"toggle-content\"><p><\/p><br \/>\n<p><iframe src=\"https:\/\/www.youtube.com\/embed\/AkjLgc7khmI\" width=\"100%\" height=\"315\" frameborder=\"0\" allowfullscreen=\"allowfullscreen\"><\/iframe><\/p><br \/>\n<p><strong>Resumo <\/strong>&#8211;&nbsp; Nesse v\u00eddeo abordaremos o Programa Nacional de Imuniza\u00e7\u00e3o, efetuado nas UBS e respons\u00e1vel pelo acesso universal \u00e0 preven\u00e7\u00e3o contra doen\u00e7as. O PNI \u00e9 importante para a redu\u00e7\u00e3o de mol\u00e9stias comuns mas perigosas. Na UBS Provid\u00eancia, observamos desde a divulga\u00e7\u00e3o do Calend\u00e1rio B\u00e1sico de Vacina\u00e7\u00e3o at\u00e9 o processo de imuniza\u00e7\u00e3o. Centro de Sa\u00fade Provid\u00eancia<\/p><br \/>\n<p><strong>Alunos<\/strong>:&nbsp;Bruno Brito, Eduardo Marques, Felipe Moraes, Gabriel Dutra, Gabriel Oliveira, Hernan Soares, Jo\u00e3o Abdallah, J\u00falia Berriel, Juliana Bernab\u00e9, Let\u00edcia Carvalho<\/p><br \/>\n<p><strong>Professora<\/strong>: Ricardo Alexandre<\/p><br \/>\n<p><strong>Turma<\/strong>: C2<\/p><br \/>\n<p><\/p><\/div><\/div>\n\n\n<div class=\"otw-sc-toggle\"><h3 class=\"toggle-trigger widget-title closed\"><i class=\"social foundicon-youtube\"> <\/i>V\u00eddeo 7 - Centro de Sa\u00fade S\u00e3o Marcos: Sa\u00fade Mental na Aten\u00e7\u00e3o Prim\u00e1ria \u00e0 Sa\u00fade<span class=\"icon\"><\/span><\/h3><div class=\"toggle-content\"><p><\/p><br \/>\n<p><iframe src=\"https:\/\/www.youtube.com\/embed\/N7BjdzLTsI8\" width=\"100%\" height=\"315\" frameborder=\"0\" allowfullscreen=\"allowfullscreen\"><\/iframe><\/p><br \/>\n<p><strong>Resumo <\/strong>&#8211;&nbsp; No v\u00eddeo \u00e9 abordado o contraste entre o antigo modelo manicomial, que perdurou por cerca de seis d\u00e9cadas, e o redirecionamento do modelo assistencial a sa\u00fade mental, proposto no SUS em 2001, advento da Reforma Psiqui\u00e1trica. Tal movimento teve como pauta o resgate da cidadania das pessoas com transtornos mentais.<\/p><br \/>\n<p><strong>Alunos<\/strong>:&nbsp;Lu\u00edza Faria, Marcello Baldini, Marcelo Aquino, Manuella Batista, Maria Clara Rodrigues, M\u00e1rio Carvalho, Pedro Eug\u00eanio, Rodrigo Esp\u00edndola<\/p><br \/>\n<p><strong>Professora<\/strong>: Luciana Braga<\/p><br \/>\n<p><strong>Turma<\/strong>: C3<\/p><br \/>\n<p><\/p><\/div><\/div>\n\n\n<div class=\"otw-sc-toggle\"><h3 class=\"toggle-trigger widget-title closed\"><i class=\"social foundicon-youtube\"> <\/i>V\u00eddeo 8 - Centro de Sa\u00fade Dom Orione \u2013 Uma territorializa\u00e7\u00e3o peculiar<span class=\"icon\"><\/span><\/h3><div class=\"toggle-content\"><p><\/p><br \/>\n<p><iframe src=\"https:\/\/www.youtube.com\/embed\/iwG5PgzQ0IU\" width=\"100%\" height=\"315\" frameborder=\"0\" allowfullscreen=\"allowfullscreen\"><\/iframe><\/p><br \/>\n<p><strong>Resumo <\/strong>&#8211; O presente v\u00eddeo mostra a peculiaridade da UBS Dom Orione, a qual, difere da maioria, pois a \u00e1rea de abrang\u00eancia do centro de sa\u00fade encontra-se distante. Dessa forma, visamos mostrar a import\u00e2ncia do trabalho das Agentes Comunit\u00e1rias de Sa\u00fade (ACS), que t\u00eam um papel central de aproxima\u00e7\u00e3o da comunidade com a UBS, garantindo a longitudinalidade da assist\u00eancia e a aten\u00e7\u00e3o \u00e0 sa\u00fade voltada para as necessidades da popula\u00e7\u00e3o adscrita no territ\u00f3rio.<\/p><br \/>\n<p><strong>Alunos<\/strong>:&nbsp;Laura Gon\u00e7alves de Ara\u00fajo Passos; Laura Melo Mota; Marcela Brito Ferreira; Marcela Eduarda Santos; Mois\u00e9s Barbosa de Andrade; Paolla de Sales Silvva; Pedro Heleno Valente Ribeiro; Pedro Henrique Marques da Silveira; Rachel Myrrha Ferreira<\/p><br \/>\n<p><strong>Professor<\/strong>: Wagner Jorge dos Santos<\/p><br \/>\n<p><strong>Turma<\/strong>: D3<\/p><br \/>\n<p><\/p><\/div><\/div>\n\n\n<div class=\"otw-sc-toggle\"><h3 class=\"toggle-trigger widget-title closed\"><i class=\"social foundicon-youtube\"> <\/i>V\u00eddeo 9 - Homeopatia na Aten\u00e7\u00e3o Prim\u00e1ria<span class=\"icon\"><\/span><\/h3><div class=\"toggle-content\"><p><\/p><br \/>\n<p><iframe src=\"https:\/\/www.youtube.com\/embed\/3w87Bm1PHJY\" width=\"100%\" height=\"315\" frameborder=\"0\" allowfullscreen=\"allowfullscreen\"><\/iframe><\/p><br \/>\n<p><strong>Resumo <\/strong>&#8211;&nbsp; O Centro de Sa\u00fade S\u00e3o Francisco, localizado na Regional Pampulha, possui em seu quadro de servi\u00e7os as Pr\u00e1ticas Integrativas Complementares, sendo uma delas a Homeopatia. O v\u00eddeo apresenta um pouco dessa abordagem e sobre mais essa forma de produ\u00e7\u00e3o de sa\u00fade e sua import\u00e2ncia na Aten\u00e7\u00e3o Prim\u00e1ria.<\/p><br \/>\n<p><strong>Alunos<\/strong>:&nbsp;Clara Calazans de Oliveira Costa, Jo\u00e3o Victor Marques Viana Braga, Laura Batista Speziali, Luana Aguiar Meloo, Luyller Bruno Esteves de Souza, Marcelle Del Santo Pedro, Maria Clara de Souza Couto, Maria Eliza Drumond Souza<\/p><br \/>\n<p><strong>Professor<\/strong>: Jubert de Oliveira Goulart<\/p><br \/>\n<p><strong>Turma<\/strong>: B3<\/p><br \/>\n<p><\/p><\/div><\/div>\n\n\n<div class=\"otw-sc-toggle\"><h3 class=\"toggle-trigger widget-title closed\"><i class=\"social foundicon-youtube\"> <\/i>V\u00eddeo 10 - Grupos operativos do NASF_AB<span class=\"icon\"><\/span><\/h3><div class=\"toggle-content\"><p><\/p><br \/>\n<p><iframe src=\"https:\/\/www.youtube.com\/embed\/gAob-q0lQjc\" width=\"100%\" height=\"315\" frameborder=\"0\" allowfullscreen=\"allowfullscreen\"><\/iframe><\/p><br \/>\n<p><strong>Resumo <\/strong>&#8211;&nbsp; O v\u00eddeo foi baseado nos Grupos Operativos do NASF-AB. Explanou-se sobre o funcionamento do NASF-AB na Aten\u00e7\u00e3o Prim\u00e1ria, bem como seu importante papel em conjunto com as equipes de sa\u00fade da familia. Posteriormente, abordamos os objetivos e benef\u00edcios dos grupos Atitude Feminina e Cintura Fina, sediados no CS Cachoeirinha.<\/p><br \/>\n<p><strong>Alunos<\/strong>:&nbsp;Amanda Abrantes, Amanda Costa, Ana Carolina, Anna Lu\u00edsa, Beatriz Fraz\u00e3o, Bernardo Brant, Bianca Antonino, Bruna Lopes e Laura Melo<\/p><br \/>\n<p><strong>Professora<\/strong>: Carolina Coelho<\/p><br \/>\n<p><strong>Turma<\/strong>: B1<\/p><br \/>\n<p><\/p><\/div><\/div>\n\n\n<div class=\"otw-sc-toggle\"><h3 class=\"toggle-trigger widget-title closed\"><i class=\"social foundicon-youtube\"> <\/i>V\u00eddeo 11 - O principio da integralidade no SUS<span class=\"icon\"><\/span><\/h3><div class=\"toggle-content\"><p><\/p><br \/>\n<p><iframe src=\"https:\/\/www.youtube.com\/embed\/gOQJpXRvgmY\" width=\"100%\" height=\"315\" frameborder=\"0\" allowfullscreen=\"allowfullscreen\"><\/iframe><\/p><br \/>\n<p><strong>Resumo <\/strong>&#8211;&nbsp; O princ\u00edpio de Integralidade do Sistema \u00danico de Sa\u00fade pressup\u00f5e aten\u00e7\u00e3o \u00e0s demandas biopsico-sociais do indiv\u00edduo. Os Centros de Refer\u00eancia de Assist\u00eancia Social (CRAS) s\u00e3o importantes para o alcance desse princ\u00edpio. Mostra-se como o  Centro de Sa\u00fade Padre Tiago desempenha esse princ\u00edpio em \u00e1rea de alta vulnerabilidade social integrando a\u00e7\u00f5es com o CRAS S\u00e3o Jos\u00e9.<\/p><br \/>\n<p><strong>Alunos<\/strong>:&nbsp;Rafaela Oliveira da Silva, Renato Jesus de Oliveira Mota, Rodrigo Nunes Lopes Mendes, Sarah de Resende Silva, Tobias Kennedy Goncalves de Matos, Victoria Cristina Vieira Santos, Vitor Marques Almeida Machado, Walyson Lanza de Souza, Yuri Martins Silva, Ester Cristina Pascoal Gomes<\/p><br \/>\n<p><strong>Professora<\/strong>: Suellen da Rocha Mendes<\/p><br \/>\n<p><strong>Turma<\/strong>: A4<\/p><br \/>\n<p><\/p><\/div><\/div>\n\n\n<div class=\"otw-sc-toggle\"><h3 class=\"toggle-trigger widget-title closed\"><i class=\"social foundicon-youtube\"> <\/i>V\u00eddeo 12 - A import\u00e2ncia da sa\u00fade bucal na aten\u00e7\u00e3o prim\u00e1ria \u00e0 sa\u00fade no Centro de Sa\u00fade Marcelo Pontel<span class=\"icon\"><\/span><\/h3><div class=\"toggle-content\"><p><\/p><br \/>\n<p><iframe src=\"https:\/\/www.youtube.com\/embed\/tRZhJHX0-ic\" width=\"100%\" height=\"315\" frameborder=\"0\" allowfullscreen=\"allowfullscreen\"><\/iframe><\/p><br \/>\n<p><strong>Resumo <\/strong>&#8211;&nbsp; Abordaremos sobre Sa\u00fade Bucal, implantada na Estrat\u00e9gia da Sa\u00fade da Fam\u00edlia em 2000. No v\u00eddeo, h\u00e1 uma vis\u00e3o geral do funcionamento desse servi\u00e7o na UBS, da sua import\u00e2ncia e dos desafios enfrentados por esses profissionais. Ademais, escolhemos o tema devido sua relev\u00e2ncia e sua execu\u00e7\u00e3o exitosa na nossa Unidade B\u00e1sica.<\/p><br \/>\n<p><strong>Alunos<\/strong>:&nbsp;Alexandre Borges, Alice Martins, Anderson Monteiro, Breno Pinto, Bruna Coelho, Caio Brettas, Diogo Kamino, Eduardo Guglielmelli<\/p><br \/>\n<p><strong>Professora<\/strong>: Andreia Devislanne Ribeiro<\/p><br \/>\n<p><strong>Turma<\/strong>: C1<\/p><br \/>\n<p><\/p><\/div><\/div>\n\n\n<div class=\"otw-sc-toggle\"><h3 class=\"toggle-trigger widget-title closed\"><i class=\"social foundicon-youtube\"> <\/i>V\u00eddeo 13 - Dispensa\u00e7\u00e3o de medicamentos: parte integrante no processo do cuidado em sa\u00fade<span class=\"icon\"><\/span><\/h3><div class=\"toggle-content\"><p><\/p><br \/>\n<p><iframe src=\"https:\/\/www.youtube.com\/embed\/ODpRXsUmwbY\" width=\"100%\" height=\"315\" frameborder=\"0\" allowfullscreen=\"allowfullscreen\"><\/iframe><\/p><br \/>\n<p><strong>Resumo <\/strong>&#8211;&nbsp;A dispensa\u00e7\u00e3o de medicamentos \u00e9 fundamental para a efetiva implementa\u00e7\u00e3o de a\u00e7\u00f5es assistenciais em sa\u00fade integral. Por isso esse v\u00eddeo por meio de uma entrevista ao profissional farmac\u00eautico busca expor os caminhos legais e os benef\u00edcios que essa pol\u00edtica proporciona na aten\u00e7\u00e3o b\u00e1sica e mais especificamente na UBS Nazar\u00e9.<\/p><br \/>\n<p><strong>Alunos<\/strong>: Rodrigo Joaquim Franco Carrasco, Sabrina da Silva Santos, Sarah Jeniffer da silva Jamar, Stela Santos Brito, Thomaz Takashi Ferreira Morimoto, Vanuza Regina Lommez de Oliveira, Victor Hugo Andrade Gon\u00e7alves, Victor Tonholli Batista.i<\/p><br \/>\n<p><strong>Professora<\/strong>: Palmira Bonolo<\/p><br \/>\n<p><strong>Turma<\/strong>: C4<\/p><br \/>\n<p><\/p><\/div><\/div>\n\n\n<div class=\"otw-sc-toggle\"><h3 class=\"toggle-trigger widget-title closed\"><i class=\"social foundicon-youtube\"> <\/i>V\u00eddeo 14 - Testagem R\u00e1pida na Aten\u00e7\u00e3o Prim\u00e1ria \u00e0 Sa\u00fade<span class=\"icon\"><\/span><\/h3><div class=\"toggle-content\"><p><\/p><br \/>\n<p><iframe src=\"https:\/\/www.youtube.com\/embed\/j0JMKmOFw7M\" width=\"100%\" height=\"315\" frameborder=\"0\" allowfullscreen=\"allowfullscreen\"><\/iframe><\/p><br \/>\n<p><strong>Resumo <\/strong>&#8211;&nbsp;Doen\u00e7as infecciosas constituem desafios na APS. O diagn\u00f3stico precoce agiliza o tratamento. Os testes r\u00e1pidos conferem maior rapidez ao processo, mantendo boa acur\u00e1cia e menor custo dentro do munic\u00edpio. A UBS Novo Aar\u00e3o Reis destaca-se como aquela que melhor utiliza esse recurso. O v\u00eddeo explica a realiza\u00e7\u00e3o do processo.<\/p><br \/>\n<p><strong>Alunos<\/strong>: Ariston Menezes de Castro, Bernardo Rog\u00e9rio Brugn\u00e1ria, Daniel Messias Martins, Deise Silva, Fernando Luccas Santos, Felipe Alves Vieira, Gabriela Somma Gomes, Gabriel Magalh\u00e3es Barbosa, Giullio Em\u00eddio de Carvalho, Thayna Moura Almeida<\/p><br \/>\n<p><strong>Professora<\/strong>: Vin\u00edcius Tostes Carvalho<\/p><br \/>\n<p><strong>Turma<\/strong>: TD1<\/p><br \/>\n<p><\/p><\/div><\/div>\n\n\n<div class=\"otw-sc-toggle\"><h3 class=\"toggle-trigger widget-title closed\"><i class=\"social foundicon-youtube\"> <\/i>V\u00eddeo 15 - Evento sentinela em sa\u00fade bucal: um desafio para as equipes de aten\u00e7\u00e3o b\u00e1sica<span class=\"icon\"><\/span><\/h3><div class=\"toggle-content\"><p><\/p><br \/>\n<p><iframe src=\"https:\/\/www.youtube.com\/embed\/UuTIXoWS8nE\" width=\"100%\" height=\"315\" frameborder=\"0\" allowfullscreen=\"allowfullscreen\"><\/iframe><\/p><br \/>\n<p><strong>Resumo <\/strong>&#8211;&nbsp;O v\u00eddeo aborda um caso detectado a partir do projeto de Belo Horizonte denominado  Evento sentinela na \u00e1rea de sa\u00fade bucal &#8211; que \u00e9 caracterizado pela  presen\u00e7a de mais de 8 c\u00e1ries em crian\u00e7as at\u00e9 8 anos. Este fato  pode evidenciar o conv\u00edvio da crian\u00e7a com abuso e viol\u00eancia dom\u00e9stica. Relata como as equipes de sa\u00fade da fam\u00edlia, sa\u00fade bucal e NASF lidam com esta situa\u00e7\u00e3o.<\/p><br \/>\n<p><strong>Alunos<\/strong>: GABRIELA LOUSADO MESQUITA, RALDANE VIEIRA LEITE ROCHA, RAQUEL LEMOS FERREIRA, REGINA BICALHO GOMES DE FARIA, SARAH NAOMI NAGATA, TAWANY TAVARES SANTOS VASCONCELOS, VICTOR FONSECA ALVES DA CRUZ, VICTORIA SOARES BARTOLOMEI, VITOR MOREIRA NUNES<\/p><br \/>\n<p><strong>Professora<\/strong>: Alaneir de F\u00e1tima dos Santos<\/p><br \/>\n<p><strong>Turma<\/strong>: TD4<\/p><br \/>\n<p><\/p><\/div><\/div>\n\n\n<div class=\"otw-sc-toggle\"><h3 class=\"toggle-trigger widget-title closed\"><i class=\"social foundicon-youtube\"> <\/i>V\u00eddeo 16 - Acessibilidade<span class=\"icon\"><\/span><\/h3><div class=\"toggle-content\"><p><\/p><br \/>\n<p><iframe src=\"https:\/\/www.youtube.com\/embed\/gRhJgiv8nSU\" width=\"100%\" height=\"315\" frameborder=\"0\" allowfullscreen=\"allowfullscreen\"><\/iframe><\/p><br \/>\n<p><strong>Resumo <\/strong>&#8211;&nbsp;No v\u00eddeo apresentado pela nossa turma, abordamos o tema da acessibilidade dos funcion\u00e1rios, com foco nas Agentes Comunit\u00e1rias de Sa\u00fade, para chegar ao Centro de Sa\u00fade S\u00e3o Miguel Arcanjo, situado no Aglomerado da Serra, em Belo Horizonte -MG. Nele, s\u00e3o mostrados diversos pontos de vista sobre o percurso at\u00e9 o Centro de Sa\u00fade.<\/p><br \/>\n<p><strong>Alunos<\/strong>: Gabriel Anselmo frota, Ana Luiza Guimar\u00e3es Martins, Augusto Coimbra Lima Maciel, Carolina de Jesus, Manoel Monteiro, Beatriz Barros, Felipe Ant\u00f4nio Ara\u00fajo, Andressa Soares, Fernando Gomes<\/p><br \/>\n<p><strong>Professora<\/strong>: Cla\u00fadia Canabrava<\/p><br \/>\n<p><strong>Turma<\/strong>: A1<\/p><br \/>\n<p><\/p><\/div><\/div>\n","protected":false},"excerpt":{"rendered":"","protected":false},"author":33,"featured_media":0,"parent":0,"menu_order":0,"comment_status":"closed","ping_status":"closed","template":"","meta":{"footnotes":""},"class_list":["post-94","page","type-page","status-publish","hentry"],"_links":{"self":[{"href":"https:\/\/www.medicina.ufmg.br\/mostraaps\/wp-json\/wp\/v2\/pages\/94","targetHints":{"allow":["GET"]}}],"collection":[{"href":"https:\/\/www.medicina.ufmg.br\/mostraaps\/wp-json\/wp\/v2\/pages"}],"about":[{"href":"https:\/\/www.medicina.ufmg.br\/mostraaps\/wp-json\/wp\/v2\/types\/page"}],"author":[{"embeddable":true,"href":"https:\/\/www.medicina.ufmg.br\/mostraaps\/wp-json\/wp\/v2\/users\/33"}],"replies":[{"embeddable":true,"href":"https:\/\/www.medicina.ufmg.br\/mostraaps\/wp-json\/wp\/v2\/comments?post=94"}],"version-history":[{"count":18,"href":"https:\/\/www.medicina.ufmg.br\/mostraaps\/wp-json\/wp\/v2\/pages\/94\/revisions"}],"predecessor-version":[{"id":139,"href":"https:\/\/www.medicina.ufmg.br\/mostraaps\/wp-json\/wp\/v2\/pages\/94\/revisions\/139"}],"wp:attachment":[{"href":"https:\/\/www.medicina.ufmg.br\/mostraaps\/wp-json\/wp\/v2\/media?parent=94"}],"curies":[{"name":"wp","href":"https:\/\/api.w.org\/{rel}","templated":true}]}}