{"id":1161,"date":"2016-07-12T17:58:01","date_gmt":"2016-07-12T17:58:01","guid":{"rendered":"https:\/\/www.medicina.ufmg.br\/observaped\/?page_id=1161"},"modified":"2023-08-16T20:45:01","modified_gmt":"2023-08-16T20:45:01","slug":"desenvolvimento-infantil","status":"publish","type":"page","link":"https:\/\/www.medicina.ufmg.br\/observaped\/projetos\/desenvolvimento-infantil\/","title":{"rendered":"Desenvolvimento Infantil"},"content":{"rendered":"<p><strong>Introdu\u00e7\u00e3o:<br \/>\n<\/strong><br \/>\nO eixo Desenvolvimento Infantil desenvolve o Projeto Cuidar e Crescer Juntos, uma iniciativa do Departamento de Pediatria da Faculdade de Medicina, do Departamento de Enfermagem Materno-Infantil da Escola de Enfermagem e do Departamento de Terapia Ocupacional da EEFFTO da UFMG em parceria com o Hospital Sofia Feldman que acompanha e avalia crian\u00e7as com risco de comprometimento de desenvolvimento e propondo interven\u00e7\u00f5es que promovam a sa\u00fade integral do beb\u00ea e sua fam\u00edlia. Com uma abordagem multidisciplinar, o projeto pretende contribuir para fortalecer o v\u00ednculo afetivo, reduzir o estresse parental e estimular pr\u00e1ticas de cuidado que promovam o desenvolvimento global de beb\u00eas nascidos no Hospital Sofia Feldman. Apesar das melhores condi\u00e7\u00f5es assistenciais atuais e do aumento da sobrevida de beb\u00eas nascidos pr\u00e9-termo, as crian\u00e7as nascidas prematuras continuam mais suscept\u00edveis a maiores preju\u00edzos neuropsicomotores do que beb\u00eas nascidos a termo. Condi\u00e7\u00f5es de desvantagem socioecon\u00f4mica, padr\u00f5es de intera\u00e7\u00e3o familiar prec\u00e1rios, al\u00e9m de estresse parental, ansiedade e depress\u00e3o materna, s\u00e3o tamb\u00e9m fatores que contribuem para uma superposi\u00e7\u00e3o de riscos, trazendo mais consequ\u00eancias negativas sobre o desenvolvimento infantil.<\/p>\n<p><strong><br \/>\nObjetivos principais:<\/strong><\/p>\n<p>&#8211; Contribuir para fortalecer o v\u00ednculo afetivo, reduzir o estresse parental e estimular pr\u00e1ticas de cuidado que promovam o desenvolvimento infantil.<br \/>\n&#8211; Propiciar a detec\u00e7\u00e3o precoce de atrasos no desenvolvimento infantil e interven\u00e7\u00f5es oportunas.<br \/>\n&#8211; Avaliar o impacto de novas abordagens de promo\u00e7\u00e3o do desenvolvimento infantil e de fortalecimento do v\u00ednculo fam\u00edlia-crian\u00e7a.<br \/>\n&#8211; Realizar a adapta\u00e7\u00e3o transcultural e valida\u00e7\u00e3o de um novo instrumento para avalia\u00e7\u00e3o do desenvolvimento infantil, que possa ser amplamente utilizado na aten\u00e7\u00e3o prim\u00e1ria a sa\u00fade.<br \/>\nObjetivos espec\u00edficos:<br \/>\n&#8211; Avaliar o impacto do m\u00e9todo de Observa\u00e7\u00e3o do Comportamento do Rec\u00e9m-Nascido (Newborn Behavior Observation &#8211; NBO) no vinculo m\u00e3e-filho.<br \/>\n&#8211; Elaborar um portf\u00f3lio (Livro do Beb\u00ea) que sirva de orienta\u00e7\u00e3o e suporte para os pais sobre praticas de cuidado que promovam o desenvolvimento infantil e o bem-estar da fam\u00edlia.<br \/>\n-Desenvolver material instrucional com a metodologia de trabalho em grupo com m\u00e3es de prematuros para ser difundidos para outros servi\u00e7os de sa\u00fade.<br \/>\n&#8211; Realizar a adapta\u00e7\u00e3o transcultural e investigar a validade concorrente do SWYC (Survey of the Wellbeing of Young Children) como ferramenta para triagem de atraso no desenvolvimento para crian\u00e7as brasileiras.<\/p>\n<p><strong><br \/>\nAtividades realizadas:<\/strong><\/p>\n<p>&#8211; Acompanhamento multiprofissional do beb\u00ea e sua fam\u00edlia do nascimento at\u00e9 os 24 meses;<br \/>\n&#8211; Atividades em grupo com as fam\u00edlias, com base no Livro do Beb\u00ea, visando o bem-estar geral da fam\u00edlia e a promo\u00e7\u00e3o da sa\u00fade integral do beb\u00ea<br \/>\n&#8211; Avalia\u00e7\u00e3o do desenvolvimento infantil, utilizando escalas padronizadas;<br \/>\n&#8211; Avalia\u00e7\u00e3o das condi\u00e7\u00f5es psicossociais das fam\u00edlias;<br \/>\n&#8211; Desenvolvimento de estudos sobre o impacto das interven\u00e7\u00f5es sobre o bem-estar geral da fam\u00edlia e a promo\u00e7\u00e3o da sa\u00fade integral do beb\u00ea, sobre novas t\u00e9cnicas de observa\u00e7\u00e3o do comportamento neonatal e de avalia\u00e7\u00e3o do desenvolvimento infantil.<br \/>\n&#8211; Capacita\u00e7\u00e3o de profissionais de sa\u00fade para a utiliza\u00e7\u00e3o de t\u00e9cnicas de observa\u00e7\u00e3o e avalia\u00e7\u00e3o do desenvolvimento infantil e de trabalho multidisciplinar para a promo\u00e7\u00e3o da sa\u00fade integral, com abordagem individual e em grupo.<\/p>\n<p><strong><br \/>\nEquipe respons\u00e1vel<\/strong><\/p>\n<p>Cl\u00e1udia Regina Lindgren Alves &#8211; Departamento de Pediatria\/FM-UFMG (coordenadora)<br \/>\nL\u00edvia de Castro Magalh\u00e3es \u2013 Departamento de Terapeuta Ocupacional\/EEFFTO-UFMG (coordenadora)<br \/>\nCl\u00e1udia Machado Siqueira \u2013 Departamento de Pediatria\/FM-UFMG<br \/>\nElysangela Ditzz Duarte \u2013 Departamento de Enfermagem Materno-infantil\/EE-UFMG<br \/>\nCynthia Marcia Romano Faria Walty \u2013 Enfermeira\/Hospital Sofia Feldman<br \/>\nErika da Silva Ditzz \u2013 Terapeuta Ocupacional \/Hospital Sofia Feldman<br \/>\nAndressa Furtado Calixto &#8211; Fisioterapeuta\/Hospital Sofia Feldman<br \/>\nLeticia Guimaraes Machado \u2013 Terapeuta Ocupacional\/Hospital Sofia Feldman<br \/>\nLudimila Laranjeiras Barros \u2013 Terapia Ocupacional\/Hospital Sofia Feldman<br \/>\nTatiana Coelho Lopes \u2013 Terapia ocupacional\/Hospital Sofia Feldman<\/p>\n<p><strong><br \/>\nColaboradores<br \/>\n<\/strong><br \/>\nBrenda Correa de Godoi &#8211; Medicina<br \/>\nCarla Ribeiro Lage \u2013 Terapia Ocupacional<br \/>\nHeidy Martins de Vasconcelos \u2013 Terapia Ocupacional<br \/>\nHelena Soares Souza \u2013 Medicina<br \/>\nIsabela Resende Silva Scherrer \u2013 Medicina<br \/>\nJuliana Goulart Dias da Costa \u2013 Medicina<br \/>\nMaria do Carmo Mangelli Ferreira de Araujo \u2013 Psicologia<br \/>\nMariana Lacerda Gontijo \u2013 Terapia Ocupacional<br \/>\nMarina Aguiar Pires Guimaraes \u2013 Fisioterapia<br \/>\nPaola de Mattos Ribeiro de Oliveira \u2013 Terapia Ocupacional<br \/>\nRachel de Carvalho Ferreira \u2013 Fisioterapia<br \/>\nRafaela Silva Moreira \u2013 Departamento de Fisioterapia\/UFSC-Campus Ararangu\u00e1<br \/>\nSamara de Araujo Costa \u2013 Terapia ocupacional<br \/>\nTais Dias Murta \u2013 Medicina<br \/>\nThais Carolina Martins \u2013 Terapia Ocupacional<\/p>\n<p><strong><br \/>\nAcad\u00eamicos<\/strong><\/p>\n<p>Ana Laura Rabelo Soares Pereira \u2013 Medicina<br \/>\nAmanda Riani Martins Silva &#8211; Fisioterapia<br \/>\nAmanda Maciel Santos \u2013 Medicina<br \/>\nAmanda de Oliveira Vial \u2013 Medicina<br \/>\nAna Carla Souza Cordeiro &#8211; Fisioterapia<br \/>\nAnna Luiza Costa Paiva \u2013 Fisioterapia<br \/>\nFernanda de Oliveira Cruz &#8211; Medicina<br \/>\nFl\u00e1via Cristina J\u00e1come Machado &#8211; Medicina<br \/>\nGabriela Brasil Mokarin &#8211; Psicologia<br \/>\nLuiz Fellipe Monteiro Santiago Domingos Ribeiro \u2013 Medicina<br \/>\nMarcelo Olivati do Amaral \u2013 medicina<\/p>\n<p><strong><br \/>\nMateriais<br \/>\n<\/strong><\/p>\n<p><a href=\"https:\/\/www.medicina.ufmg.br\/observaped\/wp-content\/uploads\/sites\/37\/2023\/01\/Manual-do-SWYC-Br-1.pdf\">Manual do SWYC-BR\u00a02a. Edi\u00e7\u00e3o &#8211; 2022<\/a><a href=\"https:\/\/www.medicina.ufmg.br\/observaped\/wp-content\/uploads\/sites\/37\/2018\/03\/Manual-Projeto-Cuidar-e-Crescer-Juntos-Cartilha-06-03-2018.pdf\" target=\"_blank\" rel=\"noopener noreferrer\"><br \/>\nManual da Interven\u00e7\u00e3o do Projeto Cuidar e Crescer Juntos<\/a><a href=\"https:\/\/www.medicina.ufmg.br\/observaped\/wp-content\/uploads\/sites\/37\/2016\/07\/Livro-do-Beb\u00ea-CeC-12-07-2016.pdf\" target=\"_blank\" rel=\"noopener noreferrer\"><br \/>\nLivro do Beb\u00ea C&amp;C<br \/>\n<\/a><a href=\"http:\/\/www.medicina.ufmg.br\/observaped\/wp-content\/uploads\/sites\/37\/2023\/08\/Kit-completo-de-formularios-SWYC-BR-v107_2021-atualizado.pdf\" target=\"_blank\" rel=\"noopener noreferrer\"><strong>SWYC<\/strong> &#8211; Kit completo em portugu\u00eas para avalia\u00e7\u00e3o do desenvolvimento infantil de 2 a 65 meses<\/a><a href=\"https:\/\/sites.google.com\/site\/swyc2016\/swyc-filecabinet\/translations\/portuguese-swyc\" target=\"_blank\" rel=\"noopener noreferrer\"><br \/>\n<\/a><a href=\"https:\/\/sites.google.com\/site\/swyc2016\/swyc-filecabinet\/translations\/portuguese-swyc\" target=\"_blank\" rel=\"noopener noreferrer\">Link para o site www.theswyc.org (cocumentos originais, referencias, manuais, formularios, etc)<br \/>\n<\/a><a href=\"https:\/\/www.medicina.ufmg.br\/observaped\/wp-content\/uploads\/sites\/37\/2018\/02\/cartilha-virtual-atividades-infantis.pdf\">Incentivando o desenvolvimento da crian\u00e7a<\/a><\/p>\n","protected":false},"excerpt":{"rendered":"<p>Introdu\u00e7\u00e3o: O eixo Desenvolvimento Infantil desenvolve o Projeto Cuidar e Crescer Juntos, uma iniciativa do Departamento de Pediatria da Faculdade&#8230;<\/p>\n","protected":false},"author":27,"featured_media":0,"parent":611,"menu_order":0,"comment_status":"closed","ping_status":"closed","template":"","meta":{"footnotes":""},"class_list":["post-1161","page","type-page","status-publish","hentry"],"_links":{"self":[{"href":"https:\/\/www.medicina.ufmg.br\/observaped\/wp-json\/wp\/v2\/pages\/1161","targetHints":{"allow":["GET"]}}],"collection":[{"href":"https:\/\/www.medicina.ufmg.br\/observaped\/wp-json\/wp\/v2\/pages"}],"about":[{"href":"https:\/\/www.medicina.ufmg.br\/observaped\/wp-json\/wp\/v2\/types\/page"}],"author":[{"embeddable":true,"href":"https:\/\/www.medicina.ufmg.br\/observaped\/wp-json\/wp\/v2\/users\/27"}],"replies":[{"embeddable":true,"href":"https:\/\/www.medicina.ufmg.br\/observaped\/wp-json\/wp\/v2\/comments?post=1161"}],"version-history":[{"count":15,"href":"https:\/\/www.medicina.ufmg.br\/observaped\/wp-json\/wp\/v2\/pages\/1161\/revisions"}],"predecessor-version":[{"id":3040,"href":"https:\/\/www.medicina.ufmg.br\/observaped\/wp-json\/wp\/v2\/pages\/1161\/revisions\/3040"}],"up":[{"embeddable":true,"href":"https:\/\/www.medicina.ufmg.br\/observaped\/wp-json\/wp\/v2\/pages\/611"}],"wp:attachment":[{"href":"https:\/\/www.medicina.ufmg.br\/observaped\/wp-json\/wp\/v2\/media?parent=1161"}],"curies":[{"name":"wp","href":"https:\/\/api.w.org\/{rel}","templated":true}]}}