 {"id":102,"date":"2015-01-26T11:58:14","date_gmt":"2015-01-26T11:58:14","guid":{"rendered":"http:\/\/localhost\/wp-bid\/?page_id=102"},"modified":"2015-08-28T17:42:06","modified_gmt":"2015-08-28T17:42:06","slug":"publicacoes","status":"publish","type":"page","link":"https:\/\/www.medicina.ufmg.br\/proyectobid\/publicacoes\/","title":{"rendered":"Publica\u00e7\u00f5es"},"content":{"rendered":"<p style=\"margin-bottom: 0.28cm;line-height: 107%\"><a href=\"https:\/\/www.medicina.ufmg.br\/proyectobid\/wp-content\/uploads\/sites\/39\/2015\/01\/publicacoes.png\" class=\"lightbox\" title=\"Publica\u00e7\u00f5es\"><img fetchpriority=\"high\" decoding=\"async\" class=\"img-melhores-praticas alignleft wp-image-215 size-full\" src=\"https:\/\/www.medicina.ufmg.br\/proyectobid\/wp-content\/uploads\/sites\/39\/2015\/01\/publicacoes.png\" alt=\"publicacoes\" width=\"357\" height=\"557\" srcset=\"https:\/\/www.medicina.ufmg.br\/proyectobid\/wp-content\/uploads\/sites\/39\/2015\/01\/publicacoes.png 357w, https:\/\/www.medicina.ufmg.br\/proyectobid\/wp-content\/uploads\/sites\/39\/2015\/01\/publicacoes-192x300.png 192w\" sizes=\"(max-width: 357px) 100vw, 357px\" \/><\/a>Resumo:<\/p>\n<p style=\"margin-bottom: 0.28cm;line-height: 107%\" align=\"justify\"><i>A telessa\u00fade como instrumento de pol\u00edtica p\u00fablica tem um enorme potencial para melhorar a qualidade de vida da popula\u00e7\u00e3o em nosso vasto continente e contribuir para reduzir e conter os custos da sa\u00fade<\/i><\/p>\n<p style=\"margin-bottom: 0.28cm;line-height: 107%\" align=\"justify\"><i>Desde 2009, a Uni\u00e3o Europ\u00e9ia e a CEPAL tem impulsionado o desenvolvimento da Sa\u00fade Eletr\u00f4nica na regi\u00e3o no marco do Programa \u201cAlianza para la sociedade de la informaci\u00f3n (@alis) di\u00e1logo inclusivo e intercambio de experi\u00eancias\u201d com a participa\u00e7\u00e3o de expertos de diversos pa\u00edses e com a colabora\u00e7\u00e3o de diversos organismos nacionais e internacionais.<\/i><\/p>\n<p style=\"margin-bottom: 0cm;line-height: 107%\"><i>Este livro \u00e9 resultado de um importante esfor\u00e7o de alcance regional destinado a elaborar e compartilhar protocolos de pol\u00edtica p\u00fablica necess\u00e1rios para impulsionar o desenvolvimento da Sa\u00fade Eletr\u00f4nica na regi\u00e3o no marco do Projeto \u201c Protocolos Regionales de Pol\u00edticas P\u00fablicas em Telesalud para America Latina\u201d e contou com a participa\u00e7\u00e3o de <\/i>participa\u00e7\u00e3o de 75 especialistas em telessa\u00fade de 12 pa\u00edses latino americanos.<\/p>\n<p style=\"margin-bottom: 0.28cm;line-height: 107%\" align=\"justify\"><a name=\"_GoBack\"><\/a> <i>Al\u00e9m dos aspectos conceituais mais relevantes o livro apresenta os avan\u00e7os e esfor\u00e7os realizados por 11 pa\u00edses da regi\u00e3o que apesar da heterogeneidade revelam o dinamismo dos avan\u00e7os e desenvolvimento da sa\u00fade eletr\u00f4nica no setor sa\u00fade assim como a riqueza de oportunidades para o aprendizado m\u00fatuo e trabalho colaborativo.<\/i><\/p>\n<p style=\"margin-bottom: 0.28cm;line-height: 107%\" align=\"justify\">Para fazer o download do livro, clique <a href=\"http:\/\/edusoluciones.com\/wp-content\/uploads\/2014\/03\/Cepal-Desarrollo-de-la-Telesalud-en-America-Latina.pdf\" target=\"_blank\">aqui<\/a>.<\/p>\n<hr \/>\n<p style=\"margin-bottom: 0.35cm;line-height: 115%\"><span style=\"font-family: Calibri,serif\"><span style=\"font-size: large\"><span lang=\"es-ES\"><b>Outras P\u00fablica\u00e7\u00f5es<\/b><\/span><\/span><span style=\"font-size: large\"><span lang=\"en-US\"><b>:<\/b><\/span><\/span><\/span><\/p>\n<ul>\n<li>\n<p style=\"margin-bottom: 0.35cm;line-height: 115%\"><span style=\"font-family: Calibri,serif\"><span style=\"font-size: medium\"><span lang=\"en-US\">Formulation of a model to develop telehealth actions allowing comparison between countries: the situation in Latin America<\/span><\/span><span style=\"font-size: medium\"><span lang=\"en-US\">. Santos AF, Haddad AE, Wen CL, Alkmim MBM, Lopes PRL, Alves HJ. Electronic Proceeding: International eHealth, Telemedicine and Health ICTFforum for Education, Networking and Business \u2013 Med-e-Tel, Luxembourg, 2011, p 182-185<\/span><\/span><\/span><\/p>\n<\/li>\n<li>\n<p style=\"margin-bottom: 0.35cm;line-height: 115%\"><span style=\"font-family: Calibri,serif\"><span style=\"font-size: medium\"><span lang=\"en-US\">Vieira FAE. Regional protocols to public policy on telehealth Project. Latin Am J Telehealth. 2009; 1(3):384-393.<\/span><\/span><\/span><\/p>\n<\/li>\n<\/ul>\n<ul>\n<li>\n<p style=\"margin-bottom: 0.35cm;line-height: 115%\"><span style=\"font-family: Calibri,serif\"><span style=\"font-size: medium\"><span lang=\"en-US\">Perez CJM, Marroquin MAE. Diagnosis of the telehealth situation \u2013 El Salvador. Latin Am J Telehealth. 2010; 2(2):244-247.<\/span><\/span><\/span><\/p>\n<\/li>\n<li>\n<p style=\"margin-bottom: 0.35cm;line-height: 115%\"><span style=\"font-family: Calibri,serif\"><span style=\"font-size: medium\"><span lang=\"en-US\">Pull RL, Zurita VM, Crespo MTM. Diagnosis of the status of telehealthg in Ecuador. Latin Am J Telehealth. 2010; 2(2):244-247.<\/span><\/span><\/span><\/p>\n<\/li>\n<\/ul>\n<p style=\"margin-bottom: 0.35cm;line-height: 115%\"><span style=\"font-family: Calibri,serif\"><span style=\"font-size: large\"><span lang=\"es-ES\"><b>Conferencias<\/b><\/span><\/span><span style=\"font-size: large\"><span lang=\"es-ES\"><b>, Seminarios y Talleres:<\/b><\/span><\/span><\/span><\/p>\n<ul>\n<li>\n<p style=\"margin-bottom: 0.35cm;line-height: 115%\"><span style=\"font-family: Calibri,serif\"><span style=\"font-size: medium\"><span lang=\"en-US\">International Conference on eHealth, Telemedicine, and Social Medicine eTELEMED 2009, Cancun, Mexico<\/span><\/span><\/span><\/p>\n<\/li>\n<li>\n<p style=\"margin-bottom: 0.35cm;line-height: 115%\"><span style=\"font-family: Calibri,serif\"><span style=\"font-size: medium\"><span lang=\"en-US\">MedeTel The International Trade Event and Conference for eHealth, Telemedicine and Health ICT, 2009, Luxemburgo. <\/span><\/span><\/span><\/p>\n<\/li>\n<li>\n<p style=\"margin-bottom: 0.35cm;line-height: 115%\"><span style=\"font-family: Calibri,serif\"><span style=\"font-size: medium\">II Workshop do Laborat\u00f3rio de Excel\u00eancia e Inova\u00e7\u00e3o em Telessa\u00fade, Belo Horizonte, Minas Gerais, Brasil, Dezembro 2009.<\/span><\/span><\/p>\n<\/li>\n<li>\n<p style=\"margin-bottom: 0.35cm;line-height: 115%\"><span style=\"font-family: Calibri,serif\"><span style=\"font-size: medium\">V Congresso do Conselho Brasileiro de Telemedicina e Telessa\u00fade - CBTMS, Belo Horizonte, Minas Gerais, Brasil, Dezembro 2009.<\/span><\/span><\/p>\n<\/li>\n<li>\n<p style=\"margin-bottom: 0.35cm;line-height: 115%\"><span style=\"font-family: Calibri,serif\"><span style=\"font-size: medium\"><span lang=\"en-US\">Annual Conference Canadian Society of Telehealth\u2013 CST 2009, Vancouver, Canada, October 2009<\/span><\/span><\/span><\/p>\n<\/li>\n<li>\n<p style=\"margin-bottom: 0.35cm;line-height: 115%\"><span style=\"font-family: Calibri,serif\"><span style=\"font-size: medium\">Desenvolvimento da telessa\u00fade na Am\u00e9rica Latina \u2013 Projeto BID - Semin\u00e1rio Nacional da Gest\u00e3o do Trabalho e Educa\u00e7\u00e3o na Sa\u00fade, Minist\u00e9rio da Sa\u00fade\/Brasil. Bras\u00edlia, Julho 2010. <\/span><\/span><\/p>\n<\/li>\n<li>\n<p style=\"margin-bottom: 0.35cm;line-height: 115%\"><span style=\"font-family: Calibri,serif\"><span style=\"font-size: medium\">Congresso Brasileiro de Inform\u00e1tica M\u00e9dica, 2010, Porto de Galnhas. <\/span><span style=\"font-size: medium\"><span lang=\"en-US\">CBIS 2010.<\/span><\/span><\/span><\/p>\n<\/li>\n<li>\n<p style=\"margin-bottom: 0.35cm;line-height: 115%\"><span style=\"font-family: Calibri,serif\"><span style=\"font-size: medium\"><span lang=\"en-US\">14th Annual International Meeting of the American Telemedicine Association, <\/span><\/span><span style=\"font-size: medium\"><span lang=\"en-US\">Las Vegas, USA, April 26-28, 2009<\/span><\/span><\/span><\/p>\n<\/li>\n<li>\n<p style=\"margin-bottom: 0.35cm;line-height: 115%\"><span style=\"font-family: Calibri,serif\"><span style=\"font-size: medium\"><span lang=\"en-US\">15th Annual International Meeting of the American Telemedicine Association<\/span><\/span><span style=\"font-size: medium\"><span lang=\"en-US\"> (ATA), San Antonio, Texas, USA,\u00a0May 16-18, 2010.\u00a0<\/span><\/span><\/span><\/p>\n<\/li>\n<li>\n<p style=\"margin-bottom: 0.35cm;line-height: 115%\"><span style=\"font-family: Calibri,serif\"><span style=\"font-size: medium\"><span lang=\"es-ES\">Presentaci\u00f3n Resumida del Proyecto en todas las inauguraciones de N\u00facleos de Telemedicina de la Red Universitaria de Telemedicina RUTE en Brasil, desde la aprobaci\u00f3n del proyecto en Febrero de 2009. Participan de estas inauguraciones Secretarios de Provincia y Municipal de Salud, Rectores de Universidades, Directores de Facultades y profesionales de salud:<\/span><\/span><\/span><\/p>\n<\/li>\n<li>\n<p style=\"margin-bottom: 0.35cm;line-height: 115%\" align=\"justify\"><span style=\"font-family: Calibri,serif\"><span style=\"font-size: medium\">Simp\u00f3sio em Telessa\u00fade da FMRP\/USP, Telessa\u00fade: fundamentos e aplica\u00e7\u00f5es, Rede Universit\u00e1ria de Telemedicina (RUTE): situa\u00e7\u00e3o atual e perspectivas futuras, Luiz Ary Messina (Coordenador Nacional da RUTE), Ribeir\u00e3o Preto SP, 05\/03\/2009<\/span><\/span><\/p>\n<\/li>\n<li>\n<p style=\"margin-bottom: 0cm;line-height: 100%\"><span style=\"font-family: Calibri,serif\"><span style=\"font-size: medium\"><span lang=\"en-US\">BELIEF-II 2nd International Symposium, The Telemedicine University Network, Luiz Ary Messina (RUTE National Coordinator), 17\/-7\/2009 S\u00e3o Paulo, Brazil<\/span><\/span><\/span><\/p>\n<\/li>\n<li>\n<p style=\"margin-bottom: 0.35cm;line-height: 115%\" align=\"justify\"><span style=\"font-family: Calibri,serif\"><span style=\"font-size: medium\"><span lang=\"en-US\"><br \/>\nBRAZILIAN TELEHEALTH INITIATIVE, Internet2 Health Network Initiative, The Telemedicine University Network, Luiz Ary Messina (RUTE National Coordinator), New Orleans USA, 28\/04\/2009<\/span><\/span><\/span><\/p>\n<\/li>\n<li>\n<p style=\"margin-bottom: 0.35cm;line-height: 115%\" align=\"justify\"><span style=\"font-family: Calibri,serif\"><span style=\"font-size: medium\">I Workshop de Telessa\u00fade e Telemedicina do Hospital Universit\u00e1rio de Londrina, Rede Universit\u00e1ria de Telemedicina (RUTE), Luiz Ary Messina (Coordenador Nacional da RUTE), Londrina, 29\/05\/2009<\/span><\/span><\/p>\n<\/li>\n<li>\n<p style=\"margin-bottom: 0.35cm;line-height: 115%\" align=\"justify\"><span style=\"font-family: Calibri,serif\"><span style=\"font-size: medium\">Semin\u00e1rio de Telessa\u00fade nas Diretorias de Sa\u00fade da Marinha e Aeron\u00e1utica, Rede Universit\u00e1ria de Telemedicina (RUTE), Luiz Ary Messina (Coordenador Nacional da RUTE), Rio de Janeiro, 15\/05\/2009<\/span><\/span><\/p>\n<\/li>\n<li>\n<p style=\"margin-bottom: 0.35cm;line-height: 115%\" align=\"justify\"><span style=\"font-family: Calibri,serif\"><span style=\"font-size: medium\"><span lang=\"es-ES\">Uso de la Tecnologia em Informacion y Comunicaci\u00f3n en Salud , Conferencia Magistral, XII SEMINARIO INTERNACIONAL DE SALUD INTEGRAL , Facultad de Salud P\u00fablica de la ESPOCH en Ecuador, Luiz Ary Messina (Coordenador Nacional da RUTE), 23\/06\/2009<\/span><\/span><\/span><\/p>\n<\/li>\n<li>\n<p style=\"margin-bottom: 0.35cm;line-height: 115%\" align=\"justify\"><span style=\"font-family: Calibri,serif\"><span style=\"font-size: medium\"><span lang=\"es-ES\">Formaci\u00f3n de Redes de Telesalud Taller I, Contribuci\u00f3n de los miembros en Redes de Telesalud Taller II, Elaboraci\u00f3n de proyectos de Telesalud Taller III, XII SEMINARIO INTERNACIONAL DE SALUD INTEGRAL , Facultad de Salud P\u00fablica de la ESPOCH en Ecuador, Luiz Ary Messina (Coordenador Nacional da RUTE), 23-25\/06\/2009<\/span><\/span><\/span><\/p>\n<\/li>\n<li>\n<p style=\"margin-bottom: 0.35cm;line-height: 115%\" align=\"justify\"><span style=\"font-family: Calibri,serif\"><span style=\"font-size: medium\"><span lang=\"en-US\">BRAZILIAN TELEHEALTH INITIATIVE, TERENA Networking Conference 2009, The Telemedicine University Network, Luiz Ary Messina (RUTE National Coordinator), 8 - 11 June 2009, Malaga, Spain<\/span><\/span><\/span><\/p>\n<\/li>\n<li>\n<p style=\"margin-bottom: 0.35cm;line-height: 115%\" align=\"justify\"><span style=\"font-family: Calibri,serif\"><span style=\"font-size: medium\">Jornada Cient\u00edfica no Hospital Central da Aeron\u00e1utica, Inform\u00e1tica em Sa\u00fade, A nova dimens\u00e3o do s\u00e9culo XXI, Panorama atual na telemedicina na Rede Universit\u00e1ria de Telemedicina (RUTE), Luiz Ary Messina (Coordenador Nacional da RUTE), Rio de Janeiro, 27\/08\/2009<\/span><\/span><\/p>\n<\/li>\n<li>\n<p style=\"margin-bottom: 0.35cm;line-height: 115%\" align=\"justify\"><span style=\"font-family: Calibri,serif\"><span style=\"font-size: medium\">F\u00f3rum RUTE, Os projetos e os resultados na RUTE 10\/08, Dificuldades, estrat\u00e9gias e expectativas da Comunidade, Luiz Ary Messina (Coordenador Nacional da RUTE) 11\/08\/2009, Rio de Janeiro<\/span><\/span><\/p>\n<\/li>\n<li>\n<p style=\"margin-bottom: 0.35cm;line-height: 115%\" align=\"justify\"><span style=\"font-family: Calibri,serif\"><span style=\"font-size: medium\">Workshop de Telemedicina na UFG, Rede Universit\u00e1ria de Telemedicina (RUTE), Luiz Ary Messina (Coordenador Nacional da RUTE), 06\/09\/2009<\/span><\/span><\/p>\n<\/li>\n<li>\n<p style=\"margin-bottom: 0.35cm;line-height: 115%\" align=\"justify\"><span style=\"font-family: Calibri,serif\"><span style=\"font-size: medium\">A Rede Universit\u00e1ria de Telemedicina (RUTE) no Painel Teleeduca\u00e7\u00e3o e Telessa\u00fade \u2013 Possibilidades e Limites, 47. Congresso Brasileiro de Educa\u00e7\u00e3o M\u00e9dica COBEM2009, Luiz Ary Messina (Coordenador Nacional da RUTE), Curitiba, 19\/10\/2009<\/span><\/span><\/p>\n<\/li>\n<li>\n<p style=\"margin-bottom: 0.35cm;line-height: 115%\" align=\"justify\"><span style=\"font-family: Calibri,serif\"><span style=\"font-size: medium\">Telemedicina e Telessa\u00fade, Integrando Assist\u00eancia, Ensino e Pesquisa, Luiz Ary Messina (Coordenador Nacional da RUTE), INOVA RIO 2009 - FIRJAN \u2013 Telemedicina, Rio de Janiero, 19\/10\/2009<\/span><\/span><\/p>\n<\/li>\n<li>\n<p style=\"margin-bottom: 0.35cm;line-height: 115%\" align=\"justify\"><span style=\"font-family: Calibri,serif\"><span style=\"font-size: medium\"><span lang=\"es-ES\">Las iniciativas de e-Salud y Telemedicina en Brasil 22\/10, La Telemedicina en America Latina Y Caribe \u2013 Realidades y Desafios 23\/10, I Seminario Regional eSalud y Telemedicina: Conexi\u00f3n y Acceso para el Bienestar Social, SELA, Luiz Ary Messina (Coordenador Nacional da RUTE) Caracas, 22 y 23 de octubre de 2009<\/span><\/span><\/span><\/p>\n<\/li>\n<li>\n<p style=\"margin-bottom: 0.35cm;line-height: 115%\" align=\"justify\"><span style=\"font-family: Calibri,serif\"><span style=\"font-size: medium\">Iniciativas em Telemedicina e Telessa\u00fade no Brasil, SEMANA DE VALORIZA\u00c7\u00c3O DA PRIMEIRA INF\u00c2NCIA E CULTURA DA PAZ, Luiz Ary Messina (Coordenador Nacional da RUTE), Senado do Brasil, Bras\u00edlia, 27\/09\/09<\/span><\/span><\/p>\n<\/li>\n<li>\n<p style=\"margin-bottom: 0.35cm;line-height: 115%\" align=\"justify\"><span style=\"font-family: Calibri,serif\"><span style=\"font-size: medium\">Telemedicina e Telessa\u00fade Integrando Assist\u00eancia, Ensino e Pesquisa, 1. Workshop em C,T&amp;I na \u00e1rea de Sa\u00fade nas Unidades de Pesquisa do MCT, Luiz Ary Messina (Coordenador Nacional da RUTE), Campinas, 30\/11\/2009 <\/span><\/span><\/p>\n<\/li>\n<li>\n<p style=\"margin-bottom: 0.35cm;line-height: 115%\" align=\"justify\"><span style=\"font-family: Calibri,serif\"><span style=\"font-size: medium\">Telemedicina e Telessa\u00fade Integrando Assist\u00eancia, Ensino e Pesquisa, Congresso Brasileiro da Abrahue, Luiz Ary Messina (Coordenador Nacional da RUTE), Belo Horizonte, 26\/11\/2009<\/span><\/span><\/p>\n<\/li>\n<li>\n<p style=\"margin-bottom: 0.35cm;line-height: 115%\" align=\"justify\"><span style=\"font-family: Calibri,serif\"><span style=\"font-size: medium\">Telemedicina e Telessa\u00fade Integrando Assist\u00eancia, Ensino e Pesquisa, Workshop para usu\u00e1rios: e-Ci\u00eancia y e-Investigaci\u00f3n, , Luiz Ary Messina (Coordenador Nacional da RUTE), Assunci\u00f3n, Paraguai, 18\/11\/2009<\/span><\/span><\/p>\n<\/li>\n<li>\n<p style=\"margin-bottom: 0.35cm;line-height: 115%\" align=\"justify\"><span style=\"font-family: Calibri,serif\"><span style=\"font-size: medium\">Iniciativas em Telemedicina e Telessa\u00fade no Brasil, 3a Jornada M\u00e9dica e Para-M\u00e9dica Franco-Brasileira, Luiz Ary Messina (Coordenador Nacional da RUTE), Belo Horizonte, 06\/11\/2009<\/span><\/span><\/p>\n<\/li>\n<li>\n<p style=\"margin-bottom: 0.35cm;line-height: 115%\" align=\"justify\"><span style=\"font-family: Calibri,serif\"><span style=\"font-size: medium\">Telemedicina e Telessa\u00fade Construindo e Integrando Assist\u00eancia, Ensino e Pesquisa, IV Congresso Brasileiro de Telemedicina e Telessa\u00fade, Luiz Ary Messina (Coordenador Nacional da RUTE), Belo Horizonte, 10\/12\/2009<\/span><\/span><\/p>\n<\/li>\n<li>\n<p style=\"margin-bottom: 0.35cm;line-height: 115%\" align=\"justify\"><span style=\"font-family: Calibri,serif\"><span style=\"font-size: medium\">A Rede Universit\u00e1ria de Telemedicina, Palestra na Solenidade de Abertura das Atividades de 2010 da Academia Brasileira de Medicina Militar, , Luiz Ary Messina (Coordenador Nacional da RUTE), Hospital Marcilio Dias, Rio de Janeiro, 26\/03\/2010 <\/span><\/span><\/p>\n<\/li>\n<li>\n<p style=\"margin-bottom: 0.35cm;line-height: 115%\" align=\"justify\"><span style=\"font-family: Calibri,serif\"><span style=\"font-size: medium\">A Universidade Federal da Bahia no Universo das Redes de Informa\u00e7\u00e3o em Sa\u00fade, Suzy Santana Cavalcante, Luiz Ary Messina, Claudete Alves, Livro A medicina na era da informa\u00e7\u00e3o, UFBA, 2010 <\/span><\/span><\/p>\n<\/li>\n<li>\n<p style=\"margin-bottom: 0.35cm;line-height: 115%\" align=\"justify\"><span style=\"font-family: Calibri,serif\"><span style=\"font-size: medium\">Registro e armazenamento de imagens diagn\u00f3sticas, debatedor Luiz Ary Messina (Coordenador Nacional da RUTE), Diagn\u00f3stico por imagem no Brasil: Situa\u00e7\u00e3o, Riscos e Perspectivas, Anvisa, Bras\u00edlia, 06\/04\/2010<\/span><\/span><\/p>\n<\/li>\n<li>\n<p style=\"margin-bottom: 0.35cm;line-height: 115%\" align=\"justify\"><span style=\"font-family: Calibri,serif\"><span style=\"font-size: medium\"><span lang=\"en-US\">Telemedicine and Telehealth Improving and Integrating Assistance, Education and Research, Med@Tel, Luiz Ary Messina (RUTE National Coordinator), Luxemburg, 15\/04\/2010<\/span><\/span><\/span><\/p>\n<\/li>\n<li>\n<p style=\"margin-bottom: 0cm;line-height: 115%\" align=\"justify\"><span style=\"font-family: Calibri,serif\"><span style=\"font-size: medium\">RUTE: a Rede Universit\u00e1ria de Telemedicina, L. A. Messina \/ W.Coury \/ J. L. Ribeiro Filho \/ N.Sim\u00f5es, Revista e Site PoliTICs, Abril 2010<\/span><\/span><\/p>\n<\/li>\n<\/ul>\n<ul>\n<li>\n<p style=\"margin-bottom: 0cm;line-height: 115%\" align=\"justify\"><span style=\"font-family: Calibri,serif\"><span style=\"font-size: medium\">C T&amp;I na \u00c1rea da Sa\u00fade na Rede Nacional de Ensino e Pesquisa \u2013 RNP, Rede Universit\u00e1ria de<\/span><\/span><\/p>\n<\/li>\n<li>\n<p style=\"margin-bottom: 0.35cm;line-height: 115%\" align=\"justify\"><span style=\"font-family: Calibri,serif\"><span style=\"font-size: medium\">Telemedicina \u2013 RUTE, Pesquisas e A\u00e7\u00f5es em Sa\u00fade nos Institutos de Pesquisa do Minist\u00e9rio da Ci\u00eancia e Tecnologia, Pesquisa Cient\u00edfica e Tecnol\u00f3gica em Sa\u00fade, W.Coury, L.A.Messina, J.L.Ribeiro Filho, N.Sim\u00f5es, pg 232-259, ISBN: 978-85-88063-06-8, Maio 2010<\/span><\/span><\/p>\n<\/li>\n<li>\n<p style=\"margin-bottom: 0.35cm;line-height: 115%\" align=\"justify\"><span style=\"font-family: Calibri,serif\"><span style=\"font-size: medium\"><span lang=\"en-US\">RUTE - Telemedicine and Telehealth Improving and Integrating Assistance, Education and Research, Telemedicine\/e\u2010health in resource\u2010limited settings: sustain &amp; scale, Norwegian Centre for Integrated Care and Telemedicine, Luiz Ary Messina (RUTE National Coordinator), Troms\u00f8, Norway, 7\u201011 June 2010<\/span><\/span><\/span><\/p>\n<\/li>\n<li>\n<p style=\"margin-bottom: 0cm;line-height: 115%\" align=\"justify\"><span style=\"font-family: Calibri,serif\"><span style=\"font-size: medium\"><span lang=\"en-US\">Telemedicine and Telehealth Improving and Integrating Assistance, Education and Research, <\/span><\/span><\/span><\/p>\n<\/li>\n<li>\n<p style=\"margin-bottom: 0cm;line-height: 115%\" align=\"justify\"><span style=\"font-family: Calibri,serif\"><span style=\"font-size: medium\"><span lang=\"en-US\">WSCHA2010 - 1st Workshop on Scientific Computing in Health Applications, Luiz Ary Messina (RUTE National Coordinator), Petropolis, LNCC, 29\/06\/2010<\/span><\/span><\/span><\/p>\n<\/li>\n<\/ul>\n<ul>\n<li>\n<p style=\"margin-bottom: 0cm;line-height: 115%\" align=\"justify\"><span style=\"font-family: Calibri,serif\"><span style=\"font-size: medium\"><span lang=\"en-US\">Implementing RUTE\u00b4s Usability - The Brazilian Telemedicine University Network, 2010 IEEE 6th Congress on Services SERVICES2010-4059, W. Coury, L.A. Messina, J.L. Ribeiro Filho, and N. Sim\u00f5es, Miami, 10\/07\/2010<\/span><\/span><\/span><\/p>\n<\/li>\n<\/ul>\n<ul>\n<li>\n<p style=\"margin-bottom: 0cm;line-height: 115%\"><span style=\"font-family: Calibri,serif\"><span style=\"font-size: medium\">Infra-estrutura de Comunica\u00e7\u00e3o para os N\u00facleos de Telemedicina e Telessa\u00fade, Reuni\u00f3n sobre el impacto de las TIC en las instituciones cient\u00edficas y tecnol\u00f3gicas, Luiz Ary Messina (RUTE National Coordinator), RedClara, Santiago de Chile, 20\/08\/2010<\/span><\/span><\/p>\n<\/li>\n<\/ul>\n<ul>\n<li>\n<p style=\"margin-bottom: 0cm;line-height: 115%\" align=\"justify\"><span style=\"font-family: Calibri,serif\"><span style=\"font-size: medium\">Red Universitaria de Telemedicina, Luiz Ary Messina (RUTE Coordinador Nacional), 39. JAIIO - CAIS 2010 - Congreso Argentino de Inform\u00e1tica y Salud, Buenos Aires, 31\/08\/2010<\/span><\/span><\/p>\n<\/li>\n<\/ul>\n<ul>\n<li>\n<p style=\"margin-bottom: 0cm;line-height: 115%\" align=\"justify\"><span style=\"font-family: Calibri,serif\"><span style=\"font-size: medium\"><span lang=\"es-ES\">Red Universitaria de Telemedicina, Luiz Ary Messina (RUTE Coordinador Nacional), XIII CONGRESO ARGENTINO DE SALUD \"LA SALUD EN EL BICENTENARIO\", Mendoza, Argentina, 2\/09\/ 2010<\/span><\/span><\/span><\/p>\n<\/li>\n<\/ul>\n<ul>\n<li>\n<p style=\"margin-bottom: 0cm;line-height: 115%\" align=\"justify\"><span style=\"font-family: Calibri,serif\"><span style=\"font-size: medium\">Rede Universit\u00e1ria de Telemedicina, Luiz Ary Messina (RUTE Coordenador Nacional), I OFICINA PROJETO PILOTO TELESSA\u00daDE DE SANTAR\u00c9M, Universidade do Estado do Par\u00e1 (UEPA) \/ Santar\u00e9m-PA, 09\/09\/2010<\/span><\/span><\/p>\n<\/li>\n<\/ul>\n<ul>\n<li>\n<p style=\"margin-bottom: 0cm;line-height: 115%\" align=\"justify\"><span style=\"font-family: Calibri,serif\"><span style=\"font-size: medium\">Telemedicine and Telehealth Improving and Integrating Assistance, Education and Research, Luiz Ary Messina (RUTE Coordenador Nacional), CBIS 2010, Porto de Galinhas , PE, 18\/10\/2010 <\/span><\/span><\/p>\n<\/li>\n<\/ul>\n<ul>\n<li>\n<p style=\"margin-bottom: 0cm;line-height: 115%\" align=\"justify\"><span style=\"font-family: Calibri,serif\"><span style=\"font-size: medium\">Projects of the Brazilian Federal Government in Telemedicine, M\u00f3dulo Dicom, Rede Universit\u00e1ria de Telemedicina, M\u00f3dulo Ensino\/Teleradiologia, Luiz Ary Messina (RUTE National Coordinator), XXXIX Congresso Brasileiro de Radiologia, Rio de Janeiro, 9 e 11\/10\/2010<\/span><\/span><\/p>\n<\/li>\n<\/ul>\n<ul>\n<li>\n<p style=\"margin-bottom: 0cm;line-height: 115%\" align=\"justify\"><span style=\"font-family: Calibri,serif\"><span style=\"font-size: medium\"><span lang=\"es-ES\">Red Universitaria de Telemedicina, Luiz Ary Messina (RUTE Coordinador Nacional), Seminario de capacitaci\u00f3n para los 17 hospitales, RENATA y el Plan Nacional de TIC, Medell\u00edn, Colombia, 7 y 8\/01\/2010<\/span><\/span><\/span><\/p>\n<\/li>\n<\/ul>\n<ul>\n<li>\n<p style=\"margin-bottom: 0cm;line-height: 115%\" align=\"justify\"><span style=\"font-family: Calibri,serif\"><span style=\"font-size: medium\"><span lang=\"en-US\">Implementing Scalability and Sustainability RUTE - The Brazilian Telemedicine University Network, W. Coury, L.A. Messina, J.L. Ribeiro Filho, and N. Sim\u00f5es, eResearch Australasia2010, Brisbane, Australia, 09\/11\/2010<\/span><\/span><\/span><\/p>\n<\/li>\n<\/ul>\n<ul>\n<li>\n<p style=\"margin-bottom: 0cm;line-height: 115%\" align=\"justify\"><span style=\"font-family: Calibri,serif\"><span style=\"font-size: medium\"><span lang=\"en-US\">Implementing Scalability and Sustainability RUTE - The Brazilian Telemedicine University Network, W. Coury, L.A. Messina, J.L. Ribeiro Filho, and N. Sim\u00f5es, Northern Health Research Week, Northern Hospital, Melbourne, Australia, 10\/11\/2010<\/span><\/span><\/span><\/p>\n<\/li>\n<\/ul>\n<ul>\n<li>\n<p style=\"margin-bottom: 0cm;line-height: 115%\" align=\"justify\"><span style=\"font-family: Calibri,serif\"><span style=\"font-size: medium\"><span lang=\"en-US\">Implementing Scalability and Sustainability RUTE - The Brazilian Telemedicine University Network, W. Coury, L.A. Messina, J.L. Ribeiro Filho, and N. Sim\u00f5es, Telehealth: Improving Access to Better Health Outcomes, Current and Future Developments, Bio21 Molecular Science &amp; Biotechnology Institute, Peter MacCallum Hospital, University of Melbourne, Australia, 12\/11\/2010<\/span><\/span><\/span><\/p>\n<\/li>\n<\/ul>\n<ul>\n<li>\n<p style=\"margin-bottom: 0cm;line-height: 115%\" align=\"justify\"><span style=\"font-family: Calibri,serif\"><span style=\"font-size: medium\"><span lang=\"es-ES\">Aplicando escalabilidad y sustentabilidad RUTE - eLAC, , Luiz Ary Messina (RUTE Coordinador Nacional), III Conferencia Ministerial sobre la Sociedad de la Informaci\u00f3n de Am\u00e9rica Latina y el Caribe, Lima, Peru, 23\/11\/2010<\/span><\/span><\/span><\/p>\n<\/li>\n<\/ul>\n<ul>\n<li>\n<p style=\"margin-bottom: 0cm;line-height: 115%\" align=\"justify\"><span style=\"font-family: Calibri,serif\"><span style=\"font-size: medium\">RNP \u2013 Relat\u00f3rio de Gest\u00e3o 2010, <\/span><\/span><\/p>\n<\/li>\n<\/ul>\n<p style=\"margin-left: 1.27cm;margin-bottom: 0cm;line-height: 115%\" align=\"justify\"><span style=\"font-family: Calibri,serif\"><span style=\"color: #0000ff\"><span style=\"font-size: medium\">http:\/\/wiki.rnp.br\/download\/attachments\/45580635\/RNP\u2010RelatorioGestao2010\u2010vFinal.pdf<\/span><\/span><\/span><\/p>\n<ul>\n<li>\n<p style=\"margin-bottom: 0cm;line-height: 115%\" align=\"justify\"><span style=\"font-family: Calibri,serif\"><span style=\"font-size: medium\"><span lang=\"es-ES\">Red Universitaria de Telemedicina \u2013 Aplicando escalabilidad y sustentabilidad, Luiz Ary Messina (RUTE Coordinador Nacional), I Reuni\u00f3n Internacional \u201cSalud electr\u00f3nica en un mundo global: Impacto de las TIC en los servicios de salud\u201d, SEIS y CEPAL, Palacio de Congresos de Madrid, 22\/02\/2011<\/span><\/span><\/span><\/p>\n<\/li>\n<\/ul>\n<ul>\n<li>\n<p style=\"margin-bottom: 0cm;line-height: 115%\" align=\"justify\"><span style=\"font-family: Calibri,serif\"><span style=\"font-size: medium\"><span lang=\"es-ES\">Red Universitaria de Telemedicina \u2013 Aplicando escalabilidad y sustentabilidad, Luiz Ary Messina (RUTE Coordinador Nacional), Sesi\u00f3n de debate La evaluaci\u00f3n de la aplicaci\u00f3n de las TIC en salud, XIV Congreso Nacional de Inform\u00e1tica de la Salud, Palacio de Congresos de Madrid, 24\/02\/2011<\/span><\/span><\/span><\/p>\n<\/li>\n<\/ul>\n<ul>\n<li>\n<p style=\"margin-bottom: 0cm;line-height: 115%\" align=\"justify\"><span style=\"font-family: Calibri,serif\"><span style=\"font-size: medium\"><span lang=\"es-ES\">Iniciativas de telesalud en Brasil, W. Coury, A.E. Haddad, M.C. Kelton, L.A. Messina, J.L. Ribeiro Filho, N. Sim\u00f5es, Salud electr\u00f3nica en Am\u00e9rica Latina y el Caribe: avances y desafios, Andr\u00e9s Fern\u00e1ndez y Enrique Oviedo (editores), Proyecto @LIS2, \u201cAlianza para la Sociedad de la Informaci\u00f3n 2 - Di\u00e1logo pol\u00edtico inclusivo e intercambio de experiencias\u201d, desarrollado en conjunto por CEPAL y la Uni\u00f3n Europea, Copyright \u00a9 Naciones Unidas, noviembre de 2010.<\/span><\/span><\/span><\/p>\n<\/li>\n<\/ul>\n<p style=\"margin-left: 1.27cm;margin-bottom: 0cm;line-height: 100%\"><span style=\"font-family: Calibri,serif\"><a href=\"http:\/\/www.cepal.org\/cgibin\/getProd.asp?xml=\/publicaciones\/xml\/5\/41825\/P41825.xml&amp;xsl=\/dds\/tpl\/p9f.xsl&amp;base=\/dds\/tpl\/top-bottom.xslt\"><span style=\"font-size: medium\"><span lang=\"es-ES\">http:\/\/www.cepal.org\/cgibin\/getProd.asp?xml=\/publicaciones\/xml\/5\/41825\/P41825.xml&amp;xsl=\/dds\/tpl\/p9f.xsl&amp;base=\/dds\/tpl\/top-bottom.xslt<\/span><\/span><\/a><\/span><\/p>\n<ul>\n<li>\n<p style=\"margin-bottom: 0cm;line-height: 115%\" align=\"justify\"><span style=\"font-family: Calibri,serif\"><span style=\"font-size: medium\"><span lang=\"es-ES\">1\u00aa Telesalud de Banco de Leche Humana conectando Iberoam\u00e9rica y \u00c1frica, IberBLH Comunica N\u00b0 80, <a href=\"http:\/\/www.iberblh.org\">www.iberblh.org<\/a> <\/span><\/span><\/span><\/p>\n<\/li>\n<\/ul>\n","protected":false},"excerpt":{"rendered":"<p>Resumo: A telessa\u00fade como instrumento de pol\u00edtica p\u00fablica tem um enorme potencial para melhorar a qualidade de vida da popula\u00e7\u00e3o em nosso vasto continente e contribuir para reduzir e conter os custos da sa\u00fade Desde 2009, a Uni\u00e3o Europ\u00e9ia e a CEPAL tem impulsionado o desenvolvimento da Sa\u00fade Eletr\u00f4nica na regi\u00e3o no marco do Programa [&hellip;]<\/p>\n","protected":false},"author":19,"featured_media":103,"parent":0,"menu_order":0,"comment_status":"closed","ping_status":"closed","template":"","meta":{"footnotes":""},"class_list":["post-102","page","type-page","status-publish","has-post-thumbnail","hentry"],"_links":{"self":[{"href":"https:\/\/www.medicina.ufmg.br\/proyectobid\/wp-json\/wp\/v2\/pages\/102","targetHints":{"allow":["GET"]}}],"collection":[{"href":"https:\/\/www.medicina.ufmg.br\/proyectobid\/wp-json\/wp\/v2\/pages"}],"about":[{"href":"https:\/\/www.medicina.ufmg.br\/proyectobid\/wp-json\/wp\/v2\/types\/page"}],"author":[{"embeddable":true,"href":"https:\/\/www.medicina.ufmg.br\/proyectobid\/wp-json\/wp\/v2\/users\/19"}],"replies":[{"embeddable":true,"href":"https:\/\/www.medicina.ufmg.br\/proyectobid\/wp-json\/wp\/v2\/comments?post=102"}],"version-history":[{"count":18,"href":"https:\/\/www.medicina.ufmg.br\/proyectobid\/wp-json\/wp\/v2\/pages\/102\/revisions"}],"predecessor-version":[{"id":217,"href":"https:\/\/www.medicina.ufmg.br\/proyectobid\/wp-json\/wp\/v2\/pages\/102\/revisions\/217"}],"wp:featuredmedia":[{"embeddable":true,"href":"https:\/\/www.medicina.ufmg.br\/proyectobid\/wp-json\/wp\/v2\/menu-items\/103"}],"wp:attachment":[{"href":"https:\/\/www.medicina.ufmg.br\/proyectobid\/wp-json\/wp\/v2\/media?parent=102"}],"curies":[{"name":"wp","href":"https:\/\/api.w.org\/{rel}","templated":true}]}}